{"id":1754,"date":"2024-10-23T12:07:20","date_gmt":"2024-10-23T09:07:20","guid":{"rendered":"https:\/\/kirjallisuuskalenteri.fi\/event\/tanssiva-karhu-ja-kaantajakarhu-palkintogaala\/"},"modified":"2024-11-04T11:43:19","modified_gmt":"2024-11-04T08:43:19","slug":"tanssiva-karhu-ja-kaantajakarhu-palkintogaala","status":"expired","type":"event_listing","link":"https:\/\/kirjallisuuskalenteri.fi\/sv\/event\/tanssiva-karhu-ja-kaantajakarhu-palkintogaala\/","title":{"rendered":"Tanssiva karhu- ja K\u00e4\u00e4nt\u00e4j\u00e4karhu-palkintogaala"},"content":{"rendered":"<p>TERVETULOA TANSSIVA KARHU- JA K\u00c4\u00c4NT\u00c4J\u00c4KARHU-RUNOPALKINTOGAALAAN!<\/p>\n<p>Runousyhdistys Karhu ry jakaa perinteiset Tanssiva karhu- ja K\u00e4\u00e4nt\u00e4j\u00e4karhu-runopalkinnot torstaina 31.10.2024. Tervetuloa paikalle seuraamaan tilaisuutta!<\/p>\n<p>Palkinnot t\u00e4ytt\u00e4v\u00e4t t\u00e4n\u00e4 vuonna 30 vuotta, joten nyt on monta syyt\u00e4 juhlaan. Tule juhlistamaan runoutta kanssamme ja kuulemaan runoja ehdokkaana olevista teoksista sek\u00e4 voittajista kolmen vuosikymmenen ajalta! Runoja esitt\u00e4v\u00e4t runoilijat itse sek\u00e4 n\u00e4yttelij\u00e4, lausuja Mirjami Heikkinen. Kuulemme my\u00f6s runoja viroksi, kun Asko K\u00fcnnap esitt\u00e4\u00e4 runon Hannu Oittisen suomentamasta teoksesta.<\/p>\n<p>Tilaisuuteen on vapaa p\u00e4\u00e4sy.<\/p>\n<p>Yle l\u00e4hett\u00e4\u00e4 tilaisuuden suorana l\u00e4hetyksen\u00e4 Yle Radio 1:ss\u00e4 sek\u00e4 Yle Areenassa.<\/p>\n<p>Seuraa l\u00e4hetyst\u00e4 t\u00e4\u00e4lt\u00e4:\u00a0<a href=\"https:\/\/areena.yle.fi\/podcastit\/1-71840460\">Tanssivan karhun runoilta 31.10.<\/a><\/p>\n<p><strong>PALKINTOTILAISUUS<\/strong><\/p>\n<p>Tilaisuus j\u00e4rjestet\u00e4\u00e4n torstaina 31.10. klo 18.45\u201321.00 Tekstin talon Parvisalissa (6. kr).<\/p>\n<p>Ovet avataan klo 18.15. Suoran l\u00e4hetyksen vuoksi toivomme yleis\u00f6n saapuvan paikalle viimeist\u00e4\u00e4n klo 18.30.<\/p>\n<p><strong>TANSSIVA KARHU -PALKINTOEHDOKKAAT<\/strong><\/p>\n<p>Virpi Alanen:\u00a0Lento\u00a0(Poesia)<\/p>\n<p>Veera Antsalo:\u00a0Nimett\u00f6m\u00e4st\u00e4\u00a0(Teos)<\/p>\n<p>Aki Salmela:\u00a0Ep\u00e4s\u00e4\u00e4nn\u00f6llisi\u00e4 kappaleita\u00a0(Teos)<\/p>\n<p>Carina Karlsson:\u00a0Marconirummet\u00a0(S&amp;S)<\/p>\n<p>Maria Savela:\u00a0Kasvu\u00a0(ntamo)<\/p>\n<p>&nbsp;<\/p>\n<p><strong>K\u00c4\u00c4NT\u00c4J\u00c4KARHU-PALKINTOEHDOKKAAT<\/strong><\/p>\n<p>Asko K\u00fcnnap:\u00a0Minun valtakuntani, suomentanut Hannu Oittinen (Enostone)<\/p>\n<p>Jo\u00e3o Lu\u00eds Barreto Guimar\u00e3es:\u00a0V\u00e4limeri, suomentanut Tarja H\u00e4rk\u00f6nen (Enostone)<\/p>\n<p>Pedro Calder\u00f3n de la Barca:\u00a0El\u00e4m\u00e4 on unta, suomentanut Arto Rintala (Faros-kustannus)<\/p>\n<p>&nbsp;<\/p>\n<p><strong>RAATI<\/strong><\/p>\n<p>Raadin puheenjohtajana 2024 esseisti Ville-Juhani Sutinen, muina j\u00e4senin\u00e4 runoilija Daniil Kozlov, kirjailija Anna Elina Isoaro sek\u00e4 suomentaja Jaana Nikula.<\/p>\n<p>&#8212;<\/p>\n<p>Aiemmin K\u00e4\u00e4nt\u00e4j\u00e4karhu jaettiin ilman ehdokasasettelua, mutta nyt jo toisen kerran per\u00e4kk\u00e4in palkinnon saajaksi on ehdolla kolme ehdokasta. Molemmat palkinnot ovat ensimm\u00e4ist\u00e4 kertaa samansuuruiset, 4000 \u20ac. T\u00e4n\u00e4 vuonna palkintosumma tulee Kopiostolta kansallisista varoista, jotka on tarkoitettu kotimaisten luovan alan hankkeiden edist\u00e4miseen.<\/p>\n<p>Tilaisuudessa jaetaan my\u00f6s Silja Hiidenheimon muistostipendi. Palkinnon lahjoittaa ja saajan valitsee Teos-kustantamo oman talonsa ulkopuolisista runoilijoista. Stipendi my\u00f6nnet\u00e4\u00e4n tunnustuksena nuorelle tai nuorehkolle runoilijalle vaikuttavasta tuotannosta.<\/p>\n<p>&nbsp;<\/p>\n<p>Tanssiva karhu- ja K\u00e4\u00e4nt\u00e4j\u00e4karhu-runopalkintojen perinne alkoi Ylen kulttuuritoimittaja Juha Virkkusen ideasta vuonna 1994. Palkinnot jakaa vuonna 2023 t\u00e4t\u00e4 tarkoitusta varten perustettu Runousyhdistys Karhu, ja Yle on palkintojen mediakumppanina. Yle Radio 1 l\u00e4hett\u00e4\u00e4 tilaisuuden suorana l\u00e4hetyksen\u00e4. L\u00e4hetys on kuunneltavissa Yle Areenassa 30 p\u00e4iv\u00e4\u00e4 tilaisuuden j\u00e4lkeen.<\/p>\n","protected":false},"featured_media":1755,"template":"","meta":[],"event_listing_type":[156,164],"class_list":["post-1754","event_listing","type-event_listing","status-expired","has-post-thumbnail","hentry","event_listing_type-julkistukset-ja-mediatilaisuudet","event_listing_type-verkossa"],"_links":{"self":[{"href":"https:\/\/kirjallisuuskalenteri.fi\/sv\/wp-json\/wp\/v2\/event_listing\/1754","targetHints":{"allow":["GET"]}}],"collection":[{"href":"https:\/\/kirjallisuuskalenteri.fi\/sv\/wp-json\/wp\/v2\/event_listing"}],"about":[{"href":"https:\/\/kirjallisuuskalenteri.fi\/sv\/wp-json\/wp\/v2\/types\/event_listing"}],"wp:featuredmedia":[{"embeddable":true,"href":"https:\/\/kirjallisuuskalenteri.fi\/sv\/wp-json\/wp\/v2\/media\/1755"}],"wp:attachment":[{"href":"https:\/\/kirjallisuuskalenteri.fi\/sv\/wp-json\/wp\/v2\/media?parent=1754"}],"wp:term":[{"taxonomy":"event_listing_type","embeddable":true,"href":"https:\/\/kirjallisuuskalenteri.fi\/sv\/wp-json\/wp\/v2\/event_listing_type?post=1754"}],"curies":[{"name":"wp","href":"https:\/\/api.w.org\/{rel}","templated":true}]}}