{"id":1958,"date":"2024-11-04T14:13:33","date_gmt":"2024-11-04T11:13:33","guid":{"rendered":"https:\/\/kirjallisuuskalenteri.fi\/sv\/event\/bokkalaset-i-ekenas\/"},"modified":"2024-11-13T01:00:03","modified_gmt":"2024-11-12T22:00:03","slug":"bokkalaset-i-ekenas","status":"expired","type":"event_listing","link":"https:\/\/kirjallisuuskalenteri.fi\/sv\/event\/bokkalaset-i-ekenas\/","title":{"rendered":"Bokkalaset i Eken\u00e4s"},"content":{"rendered":"<p>Litteraturfestivalen Bokkalaset i Eken\u00e4s, Raseborg ordnas den 6-12 november 2024. Tema \u00e4r &#8220;Gemenskap&#8221;. Bokkalaset riktar sig till vuxna, barn och ungdomar och bjuder p\u00e5 ett digert program med f\u00f6rfattarintervjuer, samtal, seminarier, teater, musik, kv\u00e4llstillst\u00e4llningar, barnprogram och utst\u00e4llningar. Dessutom ordnas s\u00e4rskilt program f\u00f6r alla de ca 2000 svenskspr\u00e5kiga skoleleverna i Raseborgs stad inom \u201dBarnens och de ungas bokkalas\u201d.<\/p>\n<p>Arrang\u00f6rer: Eken\u00e4ss\u00e4llskapet r.f., V\u00e4stnyl\u00e4ndska kultursamfundet r.f. och Raseborgs stads kulturtj\u00e4nster. Dessutom deltar ett stort antal f\u00f6reningar och andra samarbetspartner med program.<\/p>\n<p>Programmet finns p\u00e5 hemsidan: https:\/\/bokkalaset.wordpress.com\/<\/p>\n","protected":false},"featured_media":1959,"template":"","meta":[],"event_listing_type":[167],"class_list":["post-1958","event_listing","type-event_listing","status-expired","has-post-thumbnail","hentry","event_listing_type-ruotsiksi"],"_links":{"self":[{"href":"https:\/\/kirjallisuuskalenteri.fi\/sv\/wp-json\/wp\/v2\/event_listing\/1958","targetHints":{"allow":["GET"]}}],"collection":[{"href":"https:\/\/kirjallisuuskalenteri.fi\/sv\/wp-json\/wp\/v2\/event_listing"}],"about":[{"href":"https:\/\/kirjallisuuskalenteri.fi\/sv\/wp-json\/wp\/v2\/types\/event_listing"}],"wp:featuredmedia":[{"embeddable":true,"href":"https:\/\/kirjallisuuskalenteri.fi\/sv\/wp-json\/wp\/v2\/media\/1959"}],"wp:attachment":[{"href":"https:\/\/kirjallisuuskalenteri.fi\/sv\/wp-json\/wp\/v2\/media?parent=1958"}],"wp:term":[{"taxonomy":"event_listing_type","embeddable":true,"href":"https:\/\/kirjallisuuskalenteri.fi\/sv\/wp-json\/wp\/v2\/event_listing_type?post=1958"}],"curies":[{"name":"wp","href":"https:\/\/api.w.org\/{rel}","templated":true}]}}