{"id":3843,"date":"2025-06-25T22:14:23","date_gmt":"2025-06-25T19:14:23","guid":{"rendered":"https:\/\/kirjallisuuskalenteri.fi\/event\/runokavely\/"},"modified":"2025-07-07T00:40:03","modified_gmt":"2025-07-06T21:40:03","slug":"runokavely","status":"expired","type":"event_listing","link":"https:\/\/kirjallisuuskalenteri.fi\/sv\/event\/runokavely\/","title":{"rendered":"Runok\u00e4vely"},"content":{"rendered":"<p>Harjun ja Seminaarinm\u00e4en tunnelmallisissa maisemissa kiertelev\u00e4 Runok\u00e4vely k\u00e4vell\u00e4\u00e4n j\u00e4lleen Eino Leinon eli runon ja suven p\u00e4iv\u00e4n\u00e4 6.7. klo 16 alkaen. Runok\u00e4vely starttaa Harjun Neron portaiden puolen v\u00e4lin tasanteelta ja p\u00e4\u00e4ttyy Kirjailijatalon puutarhaan, jossa runojalkojaan voi lepuuttaa pienten tarjoilujen \u00e4\u00e4rell\u00e4. Rajumman sateen osuessa kohdalle tapahtuma toteutetaan Kirjailijatalon l\u00e4mm\u00f6ss\u00e4.<\/p>\n<p>Runok\u00e4velyn j\u00e4rjest\u00e4\u00e4 Keski-Suomen Kirjailijat. Konseptin on luonut runoilija AP Kivinen.<\/p>\n<p>Tervetuloa s\u00e4keiden j\u00e4ljille!<\/p>\n<p>Runoilijat reitin varrella:<\/p>\n<p>KATI HILTUNEN on kiiminkil\u00e4isl\u00e4ht\u00f6inen, nyky\u00e4\u00e4n Jyv\u00e4skyl\u00e4ss\u00e4 vaikuttava runoilija, joka rakastaa m\u00e4ntyj\u00e4 ja kovakantisia kirjoja. H\u00e4n k\u00e4sittelee runoissaan ikiaikaisia aiheita tuoreesti ja raikkaasti, virheit\u00e4 ja el\u00e4m\u00e4n kaikkia v\u00e4rej\u00e4 syleillen. H\u00e4n on julkaissut kolme runoteosta: Kotini on tuntematon manner (2020), T\u00e4m\u00e4 ei ole henkil\u00f6kohtaista (2023) ja Kultaisen leikkauksen l\u00e4pi (2025).<\/p>\n<p>PERTTU PURANEN on Keski-Suomen Kirjailijoiden Kullervo Rainio -stipendill\u00e4 palkitsema runoilija ja lavarunoustoimija, joka pyrkii teksteiss\u00e4\u00e4n limitt\u00e4m\u00e4\u00e4n painavan keveyteen ja keveyden painavuuteen. Purasen runojen ytimess\u00e4 on leikki ja sen maailmaa muuttava voima.<\/p>\n<p>SIIRI RANTALAN runot sukeltavat ihmisen p\u00e4\u00e4nsis\u00e4iseen maailmaan, jossa kohdataan ahdistusta, haaveita ja huolta sek\u00e4 t\u00e4m\u00e4n maailman ett\u00e4 oman mielen rikkin\u00e4isyydest\u00e4. Kuopiolaisl\u00e4ht\u00f6isen Rantalan esikoisrunoteos Neonaivot (2024) kahlaa synkist\u00e4 vesist\u00e4 kohti sit\u00e4 hetke\u00e4, kun y\u00f6llinen pimeys v\u00e4istyy eiv\u00e4tk\u00e4 m\u00f6r\u00f6t onnistu en\u00e4\u00e4 pelottelemaan. Rantala opiskelee kulttuurien tutkimusta Jyv\u00e4skyl\u00e4n yliopistossa ja k\u00e4sittelee ymp\u00e4r\u00f6iv\u00e4\u00e4 maailmaa kirjoittamalla siit\u00e4.<\/p>\n<p>JANIKA TANNI on runoilija Joutsan Rutalahdesta ja kirjoittaa kokemistaan luonnon ilmi\u00f6ist\u00e4 pyrkimyksen\u00e4\u00e4n ymm\u00e4rt\u00e4\u00e4 olemassaolon mysteeri\u00e4. H\u00e4nelt\u00e4 on aiemmin ilmestynyt runokokoelma Mit\u00e4 meist\u00e4 voisi yhdess\u00e4 tulla (2017) ja uusi teos on ty\u00f6n alla.<\/p>\n<p>AP KIVINEN on monet runolavat ja -klubit kiert\u00e4nyt, my\u00f6s Poetry Slamin Suomen mestarina (2015) tunnettu jyv\u00e4skyl\u00e4l\u00e4inen runoilija. Edellinen runoteos, luonnon monimuotoisuutta ylist\u00e4v\u00e4, riemukas Sudenkorennon siivell\u00e4 (2024) on ilahduttanut kaikenik\u00e4isi\u00e4 runojen yst\u00e4vi\u00e4 p\u00e4iv\u00e4kodeissa, kouluissa, kirjastoissa ja kapakoissa. AP johdattelee kuulijat runok\u00e4velylle.<\/p>\n","protected":false},"featured_media":3844,"template":"","meta":[],"event_listing_type":[153,158],"class_list":["post-3843","event_listing","type-event_listing","status-expired","has-post-thumbnail","hentry","event_listing_type-esitykset","event_listing_type-kierrokset-ja-opastukset"],"_links":{"self":[{"href":"https:\/\/kirjallisuuskalenteri.fi\/sv\/wp-json\/wp\/v2\/event_listing\/3843","targetHints":{"allow":["GET"]}}],"collection":[{"href":"https:\/\/kirjallisuuskalenteri.fi\/sv\/wp-json\/wp\/v2\/event_listing"}],"about":[{"href":"https:\/\/kirjallisuuskalenteri.fi\/sv\/wp-json\/wp\/v2\/types\/event_listing"}],"wp:featuredmedia":[{"embeddable":true,"href":"https:\/\/kirjallisuuskalenteri.fi\/sv\/wp-json\/wp\/v2\/media\/3844"}],"wp:attachment":[{"href":"https:\/\/kirjallisuuskalenteri.fi\/sv\/wp-json\/wp\/v2\/media?parent=3843"}],"wp:term":[{"taxonomy":"event_listing_type","embeddable":true,"href":"https:\/\/kirjallisuuskalenteri.fi\/sv\/wp-json\/wp\/v2\/event_listing_type?post=3843"}],"curies":[{"name":"wp","href":"https:\/\/api.w.org\/{rel}","templated":true}]}}