{"id":6014,"date":"2026-01-30T16:38:46","date_gmt":"2026-01-30T13:38:46","guid":{"rendered":"https:\/\/kirjallisuuskalenteri.fi\/event\/runousaamiainen-3\/"},"modified":"2026-02-08T00:00:03","modified_gmt":"2026-02-07T21:00:03","slug":"runousaamiainen-3","status":"expired","type":"event_listing","link":"https:\/\/kirjallisuuskalenteri.fi\/sv\/event\/runousaamiainen-3\/","title":{"rendered":"Runousaamiainen"},"content":{"rendered":"<p>Joko olet ehtinyt nauttimaan Runousaamiaisen laatuantimista?<\/p>\n<p>Seuraava tilaisuus sukeltaa s\u00e4ken\u00f6iv\u00e4n runouden ja herkullisen aamupalan yhteispy\u00f6rteisiin tarjoutuu Vanhan Kirjan Talvessa 7. helmikuuta klo 10. Aloita siis lauantaiaamu suuntaamalla askeleesi Ravintola Piatoon (Mattilanniemi 2, Jyv\u00e4skyl\u00e4), jossa aamiaiskattauksen \u00e4\u00e4rell\u00e4 esiintyv\u00e4t runoilijat <strong>Jarno Pelonranta, Edith Spitz<\/strong> ja <strong>Olga Kolari<\/strong> sek\u00e4 aforisti <strong>Lauri Rikala<\/strong>.<\/p>\n<p><strong>Jarno Pelonranta<\/strong> on Kuopiossa kasvanut mutta sittemmin jyv\u00e4skyl\u00e4l\u00e4istynyt runoilija, opettaja ja muusikko. Pelonrannan kolmas runokokoelma <em>P\u00e4ivi\u00e4 toistemme y\u00f6ss\u00e4<\/em> (2026) kutsuu lukijansa k\u00e4velyille mielenterveyteen, meditaatioon, kielen leikkikentille ja lopulta pehmeille poluille kohti valoa. Kokoelman teksteist\u00e4 voi jokainen l\u00f6yt\u00e4\u00e4 itsens\u00e4.<\/p>\n<p><strong>Edith Spitz<\/strong> opiskelee Jyv\u00e4skyl\u00e4n yliopistossa suomen kielen ja kirjallisuuden aineenopettajaksi. H\u00e4nen kirjoituksistaan huokuvat Fiskarsiin paikantuva luonnonl\u00e4heinen lapsuus ja kulttuurinen rikkaus. Esikoisrunokokoelmassaan <em>Lehtisade<\/em> (2025) Spitz kuvaakin luonnon ja ihmisyyden rinnakkaiseloa paitsi suomeksi, my\u00f6s saksaksi ja ruotsiksi.<\/p>\n<p><strong>Olga Kolari<\/strong> on \u00c4\u00e4nekoskella asuva muusikko ja runoilija, joka luo sanojen musiikkia ja \u00e4\u00e4nten runoutta. Esikoisrunokokoelmassaan\u200b <em>Juureton laulu<\/em> (2025) h\u00e4n k\u00e4sittelee uusien juurien l\u00f6yt\u00e4mist\u00e4 j\u00e4tetty\u00e4\u00e4n entisen kotimaansa, joka ei koskaan tuntunut omalta. Kirjassa puhu\u200btaan toisiinsa kerrostuvista yksin\u00e4isyyden ja ulkopuolisuuden kokemuksista\u200b ja yritet\u00e4\u00e4n samalla l\u00f6yt\u00e4\u00e4 oma \u00e4\u00e4ni sek\u00e4 voimaa p\u00e4\u00e4st\u00e4 eteenp\u00e4in.<\/p>\n<p><strong>Lauri Rikala<\/strong> on Suonenjoella syntynyt, Jyv\u00e4skyl\u00e4ss\u00e4 asuva aforisti. H\u00e4nen kolmas aforismikokoelmansa <em>Laukauksia melankolian kaupunginosassa<\/em> (2025) pohtii valintoja, yksin\u00e4isyytt\u00e4, toteutumattomia mahdollisuuksia, uskonkysymyksi\u00e4 sek\u00e4 filosofian seesteist\u00e4 maisemaa. Rikalan samaistuttavassa mielleavaruudessa eri el\u00e4m\u00e4nalueisiin liittyv\u00e4t huomiot heijastelevat pienen ihmisen kokoista suurta humanismia.<\/p>\n<p>Runousaamiaisen juontaa <strong>N. O. Laveajoki<\/strong>. Tilaisuudessa on mahdollisuus hankkia kirjoja suoraan runoilijoilta signeerauksen kera. Lis\u00e4ksi tarjolla on tuhti aamiaiskattaus huokeaan 10,50 euron hintaan per henkil\u00f6:<\/p>\n<p>&#8211; s\u00e4mpyl\u00f6it\u00e4\/croissantteja\/ruisleip\u00e4\u00e4<br \/>&#8211; leikkeleit\u00e4 (kinkkua ja juustoa)<br \/>&#8211; kurkkua, tomaattia ja salaattia<br \/>&#8211; munakokkelia ja pekonia<br \/>&#8211; maustamatonta jogurttia ja marjoja<br \/>&#8211; appelsiini- ja omenamehua<br \/>&#8211; marjasmoothieta (kannussa)<br \/>&#8211; reilun kaupan luomukahvia\/haudutettua teet\u00e4<\/p>\n<p>Tapahtumaan on vapaa p\u00e4\u00e4sy, ja sen j\u00e4rjest\u00e4\u00e4 Keski-Suomen Kirjailijat yhteisty\u00f6ss\u00e4 Vanhan Kirjan Talven kanssa. L\u00e4mpim\u00e4sti tervetuloa!<\/p>\n","protected":false},"featured_media":0,"template":"","meta":[],"event_listing_type":[153,154,161],"class_list":["post-6014","event_listing","type-event_listing","status-expired","hentry","event_listing_type-esitykset","event_listing_type-festivaalit-ja-messut","event_listing_type-myyntitapahtumat"],"_links":{"self":[{"href":"https:\/\/kirjallisuuskalenteri.fi\/sv\/wp-json\/wp\/v2\/event_listing\/6014","targetHints":{"allow":["GET"]}}],"collection":[{"href":"https:\/\/kirjallisuuskalenteri.fi\/sv\/wp-json\/wp\/v2\/event_listing"}],"about":[{"href":"https:\/\/kirjallisuuskalenteri.fi\/sv\/wp-json\/wp\/v2\/types\/event_listing"}],"wp:attachment":[{"href":"https:\/\/kirjallisuuskalenteri.fi\/sv\/wp-json\/wp\/v2\/media?parent=6014"}],"wp:term":[{"taxonomy":"event_listing_type","embeddable":true,"href":"https:\/\/kirjallisuuskalenteri.fi\/sv\/wp-json\/wp\/v2\/event_listing_type?post=6014"}],"curies":[{"name":"wp","href":"https:\/\/api.w.org\/{rel}","templated":true}]}}