{"id":6834,"date":"2026-04-21T23:54:27","date_gmt":"2026-04-21T20:54:27","guid":{"rendered":"https:\/\/kirjallisuuskalenteri.fi\/event\/nelli-hietalan-puun-sielun-julkaisutilaisuus-2\/"},"modified":"2026-04-26T00:40:03","modified_gmt":"2026-04-25T21:40:03","slug":"laura-juntusen-pyhat-pahat-aidit-kirjan-julkistus","status":"expired","type":"event_listing","link":"https:\/\/kirjallisuuskalenteri.fi\/sv\/event\/laura-juntusen-pyhat-pahat-aidit-kirjan-julkistus\/","title":{"rendered":"Laura Juntusen Pyh\u00e4t pahat \u00e4idit -kirjan julkistus"},"content":{"rendered":"<p>Pyh\u00e4t pahat \u00e4idit on kauniinriipaiseva l\u00e4pivalaisu \u00e4itiyden monista muodoista ja niihin liitetyist\u00e4 stigmoista.<\/p>\n<p>Laura Juntunen kohtaa kirjassa erilaisia \u00e4itej\u00e4 ja antaa \u00e4\u00e4nen naisille, joiden vanhemmuutta on kyseenalaistettu esimerkiksi \u00e4idin p\u00e4ihdehistorian, vankilatuomion tai mielenterveyden ongelmien vuoksi \u2013 tai siit\u00e4 syyst\u00e4, ett\u00e4 perinteist\u00e4 \u00e4itiyden mallia on muulla tavoin rikottu.<\/p>\n<p>Tarkkan\u00e4k\u00f6inen teos haastaa k\u00e4sityksi\u00e4mme \u00e4itiydest\u00e4. Ket\u00e4 \u00e4itiyden ahtaat ihanteet oikeastaan palvelevat?<\/p>\n<p>Tervetuloa kuulemaan ja keskustelemaan kirjasta lauantaina 25.4. klo 14 Rosebud Postitaloon Helsinkiin!<\/p>\n","protected":false},"featured_media":0,"template":"","meta":[],"event_listing_type":[166,156,157],"class_list":["post-6834","event_listing","type-event_listing","status-expired","hentry","event_listing_type-esteeton","event_listing_type-julkistukset-ja-mediatilaisuudet","event_listing_type-keskustelut-ja-haastattelut"],"_links":{"self":[{"href":"https:\/\/kirjallisuuskalenteri.fi\/sv\/wp-json\/wp\/v2\/event_listing\/6834","targetHints":{"allow":["GET"]}}],"collection":[{"href":"https:\/\/kirjallisuuskalenteri.fi\/sv\/wp-json\/wp\/v2\/event_listing"}],"about":[{"href":"https:\/\/kirjallisuuskalenteri.fi\/sv\/wp-json\/wp\/v2\/types\/event_listing"}],"wp:attachment":[{"href":"https:\/\/kirjallisuuskalenteri.fi\/sv\/wp-json\/wp\/v2\/media?parent=6834"}],"wp:term":[{"taxonomy":"event_listing_type","embeddable":true,"href":"https:\/\/kirjallisuuskalenteri.fi\/sv\/wp-json\/wp\/v2\/event_listing_type?post=6834"}],"curies":[{"name":"wp","href":"https:\/\/api.w.org\/{rel}","templated":true}]}}