{"id":6838,"date":"2026-04-21T23:56:56","date_gmt":"2026-04-21T20:56:56","guid":{"rendered":"https:\/\/kirjallisuuskalenteri.fi\/event\/oisinajattelija-ja-antero-gradinen-2\/"},"modified":"2026-04-28T00:39:57","modified_gmt":"2026-04-27T21:39:57","slug":"anneli-kannon-elamanlangalla-kirjan-julkkarit","status":"expired","type":"event_listing","link":"https:\/\/kirjallisuuskalenteri.fi\/sv\/event\/anneli-kannon-elamanlangalla-kirjan-julkkarit\/","title":{"rendered":"Anneli Kannon El\u00e4m\u00e4nlangalla-kirjan julkkarit"},"content":{"rendered":"<p>Tervetuloa Anneli Kannon El\u00e4m\u00e4nlangalla-kirjan julkkareihin Postitalon Rosebudiin!<\/p>\n<p>Kirjailija Anneli Kanto kertoo p\u00e4iv\u00e4kirjassaan kirjoittamisesta, vanhenemisesta, perhesuhteista, yst\u00e4vyyksist\u00e4 ja rakkaudesta.<\/p>\n<p>Kanto kirjoittaa p\u00e4iv\u00e4kirjaa vuoden kierron verran kes\u00e4st\u00e4 2024 kes\u00e4\u00e4n 2025. Sivuilla vuorottelevat arjen ilot ja surut, kirjailijanty\u00f6n valot ja varjot. Kuinka paljon ty\u00f6vuosia seitsem\u00e4nkymppisell\u00e4 viel\u00e4 on? Millaisia sukupolvikokemuksia suurten ik\u00e4luokkien ihmiset jakavat? Mit\u00e4 ajatuksia maailmantilanne her\u00e4tt\u00e4\u00e4? Uskaltaako varttuneella i\u00e4ll\u00e4 rakastua? Ent\u00e4 jos syd\u00e4n s\u00e4rkyy?<\/p>\n<p>Kanto kirjoittaa rehellisesti ja suoraan vanhenemisesta: menetyksist\u00e4, aamusuruista, otsan vaaka- ja pystyrypyist\u00e4 sek\u00e4 suhteesta edesmenneisiin vanhempiin, aikuisiin lapsiin ja bonus-lapsenlapsiin. El\u00e4m\u00e4nmakuinen ote ja huumorin l\u00e4mp\u00f6 takaavat samastuttavan ja lohdullisen lukukokemuksen.<\/p>\n<p>Vapaa p\u00e4\u00e4sy.<\/p>\n","protected":false},"featured_media":0,"template":"","meta":[],"event_listing_type":[166,156,157],"class_list":["post-6838","event_listing","type-event_listing","status-expired","hentry","event_listing_type-esteeton","event_listing_type-julkistukset-ja-mediatilaisuudet","event_listing_type-keskustelut-ja-haastattelut"],"_links":{"self":[{"href":"https:\/\/kirjallisuuskalenteri.fi\/sv\/wp-json\/wp\/v2\/event_listing\/6838","targetHints":{"allow":["GET"]}}],"collection":[{"href":"https:\/\/kirjallisuuskalenteri.fi\/sv\/wp-json\/wp\/v2\/event_listing"}],"about":[{"href":"https:\/\/kirjallisuuskalenteri.fi\/sv\/wp-json\/wp\/v2\/types\/event_listing"}],"wp:attachment":[{"href":"https:\/\/kirjallisuuskalenteri.fi\/sv\/wp-json\/wp\/v2\/media?parent=6838"}],"wp:term":[{"taxonomy":"event_listing_type","embeddable":true,"href":"https:\/\/kirjallisuuskalenteri.fi\/sv\/wp-json\/wp\/v2\/event_listing_type?post=6838"}],"curies":[{"name":"wp","href":"https:\/\/api.w.org\/{rel}","templated":true}]}}