{"id":6842,"date":"2026-04-21T23:59:22","date_gmt":"2026-04-21T20:59:22","guid":{"rendered":"https:\/\/kirjallisuuskalenteri.fi\/event\/anneli-kannon-elamanlangalla-kirjan-julkkarit-2\/"},"modified":"2026-04-29T00:40:02","modified_gmt":"2026-04-28T21:40:02","slug":"pekka-jarvinen-mieleni-minut-tekevi-kohti-ihmisen-itseymmarrysta","status":"expired","type":"event_listing","link":"https:\/\/kirjallisuuskalenteri.fi\/sv\/event\/pekka-jarvinen-mieleni-minut-tekevi-kohti-ihmisen-itseymmarrysta\/","title":{"rendered":"Pekka J\u00e4rvinen: Mieleni minut tekevi &#8211; kohti ihmisen itseymm\u00e4rryst\u00e4"},"content":{"rendered":"<p>Pekka J\u00e4rvinen: Mieleni minut tekevi &#8211; kohti ihmisen itseymm\u00e4rryst\u00e4 (Teos)<\/p>\n<p>Psykologian lisensiaatti, teologian maisteri ja ryhm\u00e4psykoanalyytikko J\u00e4rvinen kritisoi kirjassaan muodikasta aivopuhetta. Ihmisk\u00e4sityksemme on vaarallisesti typistym\u00e4ss\u00e4 neurobiologiseen suuntaan. Vaikka ajattelun ja tunteiden perusta on aivotoiminnoissa, ne syntyv\u00e4t ja kehittyv\u00e4t vuorovaikutuksessa ymp\u00e4rist\u00f6n kanssa. Me emme ole aivojemme armoilla. Ihmisen k\u00e4ytt\u00e4ytyminen on ensisijaisesti psyykkisesti v\u00e4littynytt\u00e4. Koemme el\u00e4m\u00e4\u00e4, tulkitsemme maailmaa ja ohjaamme itse itse\u00e4mme mielemme ja min\u00e4mme v\u00e4lityksell\u00e4.<br \/>Haastattelijana psykologian emeritusprofessori Kalevi Korpela.<\/p>\n<p>Tilaisuus striimataan Rosebudin YouTube-kanavalle;<br \/><a href=\"https:\/\/www.youtube.com\/c\/SivullinenStage\">https:\/\/www.youtube.com\/c\/SivullinenStage<\/a><\/p>\n","protected":false},"featured_media":0,"template":"","meta":[],"event_listing_type":[166,157],"class_list":["post-6842","event_listing","type-event_listing","status-expired","hentry","event_listing_type-esteeton","event_listing_type-keskustelut-ja-haastattelut"],"_links":{"self":[{"href":"https:\/\/kirjallisuuskalenteri.fi\/sv\/wp-json\/wp\/v2\/event_listing\/6842","targetHints":{"allow":["GET"]}}],"collection":[{"href":"https:\/\/kirjallisuuskalenteri.fi\/sv\/wp-json\/wp\/v2\/event_listing"}],"about":[{"href":"https:\/\/kirjallisuuskalenteri.fi\/sv\/wp-json\/wp\/v2\/types\/event_listing"}],"wp:attachment":[{"href":"https:\/\/kirjallisuuskalenteri.fi\/sv\/wp-json\/wp\/v2\/media?parent=6842"}],"wp:term":[{"taxonomy":"event_listing_type","embeddable":true,"href":"https:\/\/kirjallisuuskalenteri.fi\/sv\/wp-json\/wp\/v2\/event_listing_type?post=6842"}],"curies":[{"name":"wp","href":"https:\/\/api.w.org\/{rel}","templated":true}]}}