{"id":6862,"date":"2026-04-22T18:42:06","date_gmt":"2026-04-22T15:42:06","guid":{"rendered":"https:\/\/kirjallisuuskalenteri.fi\/event\/heraa-runoon-v\/"},"modified":"2026-04-22T18:42:06","modified_gmt":"2026-04-22T15:42:06","slug":"heraa-runoon-v","status":"publish","type":"event_listing","link":"https:\/\/kirjallisuuskalenteri.fi\/sv\/event\/heraa-runoon-v\/","title":{"rendered":"Her\u00e4\u00e4 runoon V"},"content":{"rendered":"<p>Her\u00e4\u00e4 runoon V on t\u00e4\u00e4ll\u00e4!<\/p>\n<p>Her\u00e4\u00e4 runoon on aamuvirkun rento vaihtoehto kirjallisuusklubille. Lauantaina 9.5. Oulun kirjakaupalla (entinen Oulun kirjallisuuden talo) kello 11\u201313 kokoontuvat runoudesta kiinnostuneet nauttimaan ainutlaatuista sekoitusta lavarunoutta ja kirjallista lyriikkaa. T\u00e4m\u00e4 on tapahtuma heille, jotka ovat vasta \u201dpoetry curious\u201d, sek\u00e4 tietysti poetryssa jo kokeneille.<\/p>\n<p>Ohjelmassa on kahden kutsuvierasesiintyj\u00e4n (<strong>Maria Matinmikko, Tuisku Koskela<\/strong>) esitykset. J\u00e4lkimm\u00e4isen tunnin t\u00e4ytt\u00e4\u00e4 open mic. Ilmoittautuminen open miciin paikan p\u00e4\u00e4ll\u00e4, esitet\u00e4\u00e4n omia runoja tai muita itse kirjoitettuja tekstej\u00e4 maksimissaan viisi minuuttia, tyyli on vapaa. Tule sellaisena kuin olet ja nauti runoa!<\/p>\n<p>Oulun kirjakauppa l\u00f6ytyy osoitteesta Hallituskatu 9. Tapahtumassa on ilmainen kahvi- ja pullatarjoilu sek\u00e4 kirjamyynti\u00e4.<\/p>\n<p>ESIINTYJ\u00c4ESITTELY #1 MARIA MATINMIKKO<\/p>\n<p>Maria Matinmikko on palkittu runoilija ja prosaisti. H\u00e4nen kolme ensimm\u00e4ist\u00e4 teostaan Valkoinen (2012), Musta (2013) ja V\u00e4rit (2017) muodostavat kaunokirjallisen asetelman. Kolkka (2019) on fantasmaattinen, filosofinen ja feministinen runoromaani. Valoh\u00e4my \u2013 taide, maisema ja maailmanloppu (2023) sis\u00e4lt\u00e4\u00e4 kirjoituksen lis\u00e4ksi Matinmikon ottamia valokuvia ja kuvataiteilija Sami Jalosen piirustuksia. Teoksesta julkaistiin kokeellinen \u00e4\u00e4nikirja, johon \u00e4\u00e4nitaiteilija J. Koho s\u00e4velsi elektroakustisen \u00e4\u00e4nimaiseman. SIIS NIIN, suuri ihmetys julkaistiin toukokuussa 2025. Se on runoesseiden laakso, joka sis\u00e4lt\u00e4\u00e4 my\u00f6s Matinmikon valokuvia ja Jalosen maalauksia. Matinmikko kuuluu Mahdollisen Kirjallisuuden Seuran romaanin Ihmiskokeita (2016) ja digitaalisen teoksen L\u00e4hes tunnistamaton mahdollisuus menett\u00e4\u00e4 I ja II (2018, 2025) kirjoittajakollektiiveihin. H\u00e4nen kirjoituksensa kulkee lajityyppien rajoilla yhdistellen poeettista, filosofista ja yhteiskunnallista ajattelua eri tavoin. H\u00e4n on valmistunut Helsingin yliopistosta filosofian maisteriksi p\u00e4\u00e4aineenaan estetiikka.\u00a0<a href=\"http:\/\/mariamatinmikko.com\">mariamatinmikko.com<\/a><\/p>\n<p>ESIINTYJ\u00c4ESITTELY #2 TUISKU KOSKELA<\/p>\n<p>Tuisku Koskela on oululainen monitaiteilija. Kirjoittajana h\u00e4n inspiroituu inhimillisist\u00e4 kokemuksista, luontoyhteydest\u00e4, tieteest\u00e4 ja mystiikasta. H\u00e4nen runoilmaisunsa liikkuu vapaasti kokeellisista muodoista kirkkaaseen aforistiikkaan. Tuiskun esikoisrunoteos julkaistaan ensi vuonna Aviador Kustannukselta. Toukokuun Her\u00e4\u00e4 runoon -klubi tarjoilee tuoreen, eksklusiivisen kattauksen Tuiskun viel\u00e4 julkaisemattomia runoja. Esimakua tulevasta l\u00f6yd\u00e4t @tuiskunsanatjakuvat Instagram-tililt\u00e4.<\/p>\n<p>\u00a0<\/p>\n","protected":false},"featured_media":0,"template":"","meta":[],"event_listing_type":[153,166],"class_list":["post-6862","event_listing","type-event_listing","status-publish","hentry","event_listing_type-esitykset","event_listing_type-esteeton"],"_links":{"self":[{"href":"https:\/\/kirjallisuuskalenteri.fi\/sv\/wp-json\/wp\/v2\/event_listing\/6862","targetHints":{"allow":["GET"]}}],"collection":[{"href":"https:\/\/kirjallisuuskalenteri.fi\/sv\/wp-json\/wp\/v2\/event_listing"}],"about":[{"href":"https:\/\/kirjallisuuskalenteri.fi\/sv\/wp-json\/wp\/v2\/types\/event_listing"}],"wp:attachment":[{"href":"https:\/\/kirjallisuuskalenteri.fi\/sv\/wp-json\/wp\/v2\/media?parent=6862"}],"wp:term":[{"taxonomy":"event_listing_type","embeddable":true,"href":"https:\/\/kirjallisuuskalenteri.fi\/sv\/wp-json\/wp\/v2\/event_listing_type?post=6862"}],"curies":[{"name":"wp","href":"https:\/\/api.w.org\/{rel}","templated":true}]}}