{"id":1412,"date":"2024-10-16T18:37:18","date_gmt":"2024-10-16T15:37:18","guid":{"rendered":"https:\/\/kirjallisuuskalenteri.fi\/evenemangsarkiv\/"},"modified":"2024-10-16T18:37:18","modified_gmt":"2024-10-16T15:37:18","slug":"evenemangsarkiv","status":"publish","type":"page","link":"https:\/\/kirjallisuuskalenteri.fi\/sv\/evenemangsarkiv\/","title":{"rendered":"Evenemangsarkiv"},"content":{"rendered":"\t\t\t<div class=\"past_event_listings\">\n\t\t\t\t<div class=\"wpem-main wpem-event-listings-header\">\r\n    <div class=\"wpem-row\">\r\n        <div class=\"wpem-col wpem-col-12 wpem-col-sm-6 wpem-col-md-6 wpem-col-lg-8\">\r\n            <div class=\"wpem-event-listing-header-title\">\r\n                                    <h2 class=\"wpem-heading-text\">Tidigare evenemang<\/h2>\r\n                            <\/div>\r\n        <\/div>\r\n        <div class=\"wpem-col wpem-col-12 wpem-col-sm-6 wpem-col-md-6 wpem-col-lg-4\">\r\n            <div class=\"wpem-event-layout-action-wrapper\">\r\n                <div class=\"wpem-event-layout-action\">\r\n                                                                    <div class=\"wpem-event-layout-icon wpem-event-box-layout\" title=\"Events Box View\" id=\"wpem-event-box-layout\"><i class=\"wpem-icon-stop2\"><\/i><\/div>\r\n                        <div class=\"wpem-event-layout-icon wpem-event-list-layout wpem-active-layout\" title=\"Events List View\" id=\"wpem-event-list-layout\"><i class=\"wpem-icon-menu\"><\/i><\/div>\r\n                                                            <\/div>\r\n            <\/div>\r\n        <\/div>\r\n    <\/div>\r\n<\/div>\r\n\r\n<!-- Event listing view -->\r\n<div class=\"event_listings_main\">\r\n    <div id=\"event-listing-view\" class=\"wpem-main wpem-event-listings event_listings wpem-event-listing-list-view\" data-id=\"all\">\n<div class=\"wpem-event-box-col wpem-col wpem-col-12 wpem-col-md-6 wpem-col-lg-4 \">\n    <!----- wpem-col-lg-4 value can be change by admin settings ------->\n    <div class=\"wpem-event-layout-wrapper\">\n        <div class=\"event_listing event-type-kvallsklubbar post-6581 type-event_listing status-expired hentry event_listing_type-iltaklubit\">\n            <a href=\"https:\/\/kirjallisuuskalenteri.fi\/sv\/event\/espoon-teatterin-open-mic\/\" class=\"wpem-event-action-url event-style-color iltaklubit\">\n                <div class=\"wpem-event-banner\">\n                    <div class=\"wpem-event-banner-img\" style=\"background-image: url(https:\/\/kirjallisuuskalenteri.fi\/wp-content\/uploads\/event-manager-uploads\/event_banner\/2026\/03\/Lavaruno-tapatahuma-Espoon-teatteri_Bar-Juoru.jpg ) \">\n                        <!-- Hide in list View \/\/ Show in Box View -->\n                                                <div class=\"wpem-event-date\">\n                            <div class=\"wpem-event-date-type\">\n                                <div class=\"wpem-from-date\">\n                                    <div class=\"wpem-date\">29<\/div>\n                                    <div class=\"wpem-month\">apr<\/div>\n                                <\/div>\n                            <\/div>\n                        <\/div>\n                        <!-- Hide in list View \/\/ Show in Box View -->\n                    <\/div>\n                <\/div>\n\n                <div class=\"wpem-event-infomation\">\n                    <div class=\"wpem-event-date\">\n                        <div class=\"wpem-event-date-type\">\n                            <div class=\"wpem-from-date\">\n                                <div class=\"wpem-date\">29<\/div>\n                                <div class=\"wpem-month\">apr<\/div>\n                            <\/div>\n                            <div class=\"wpem-to-date\">\n                                                                     <div class=\"wpem-date-separator\">-<\/div>\n                                    <div class=\"wpem-date\">                                    \n                                        29                                    <\/div>\n                                                                                                     <div class=\"wpem-month\">\n                                        apr                                    <\/div>\n                                                            <\/div>\n                        <\/div>\n                    <\/div>\n\n                    <div class=\"wpem-event-details\">\n                        <div class=\"wpem-event-title\">\n                            <h3 class=\"wpem-heading-text\">Espoon teatterin Open Mic<\/h3>\n                        <\/div>\n                        <div class=\"wpem-event-date-time\">\n                            <span class=\"wpem-event-date-time-text\">29.04.2026                             kl.                             20:00 - 29.04.2026                             kl.                             21:30<\/span>\n                        <\/div>\n                        <div class=\"wpem-event-location\">\n                            <span class=\"wpem-event-location-text\">\n                                &amp; Espoon teatteri, Revontulentie, Espoo                            <\/span>\n                        <\/div>\n\n                                                    <div class=\"wpem-event-type\"><a href=\"https:\/\/kirjallisuuskalenteri.fi\/sv\/event_listing_type\/iltaklubit\/\"><span class=\"wpem-event-type-text event-type iltaklubit \">Kv\u00e4llsklubbar<\/span><\/a><\/div>\n                        \n                        <!-- Show in list View \/\/ Hide in Box View -->\n                                                <!-- Show in list View \/\/ Hide in Box View -->\n                    <\/div>\n                <\/div>\n            <\/a>\n        <\/div>\n    <\/div>\n<\/div>\n<div class=\"wpem-event-box-col wpem-col wpem-col-12 wpem-col-md-6 wpem-col-lg-4 \">\n    <!----- wpem-col-lg-4 value can be change by admin settings ------->\n    <div class=\"wpem-event-layout-wrapper\">\n        <div class=\"event_listing event-type-forestallningar event-type-tillganglig post-6577 type-event_listing status-expired hentry event_listing_type-esitykset event_listing_type-esteeton\">\n            <a href=\"https:\/\/kirjallisuuskalenteri.fi\/sv\/event\/yovaen-juhla\/\" class=\"wpem-event-action-url event-style-color esitykset\">\n                <div class=\"wpem-event-banner\">\n                    <div class=\"wpem-event-banner-img\" style=\"background-image: url(https:\/\/kirjallisuuskalenteri.fi\/wp-content\/uploads\/event-manager-uploads\/event_banner\/2026\/03\/Yovaen-juhla-levea-nettikuva.jpg ) \">\n                        <!-- Hide in list View \/\/ Show in Box View -->\n                                                <div class=\"wpem-event-date\">\n                            <div class=\"wpem-event-date-type\">\n                                <div class=\"wpem-from-date\">\n                                    <div class=\"wpem-date\">29<\/div>\n                                    <div class=\"wpem-month\">apr<\/div>\n                                <\/div>\n                            <\/div>\n                        <\/div>\n                        <!-- Hide in list View \/\/ Show in Box View -->\n                    <\/div>\n                <\/div>\n\n                <div class=\"wpem-event-infomation\">\n                    <div class=\"wpem-event-date\">\n                        <div class=\"wpem-event-date-type\">\n                            <div class=\"wpem-from-date\">\n                                <div class=\"wpem-date\">29<\/div>\n                                <div class=\"wpem-month\">apr<\/div>\n                            <\/div>\n                            <div class=\"wpem-to-date\">\n                                                                     <div class=\"wpem-date-separator\">-<\/div>\n                                    <div class=\"wpem-date\">                                    \n                                        29                                    <\/div>\n                                                                                                     <div class=\"wpem-month\">\n                                        apr                                    <\/div>\n                                                            <\/div>\n                        <\/div>\n                    <\/div>\n\n                    <div class=\"wpem-event-details\">\n                        <div class=\"wpem-event-title\">\n                            <h3 class=\"wpem-heading-text\">Y\u00f6v\u00e4en juhla<\/h3>\n                        <\/div>\n                        <div class=\"wpem-event-date-time\">\n                            <span class=\"wpem-event-date-time-text\">29.04.2026                             kl.                             18:00 - 29.04.2026                             kl.                             19:00<\/span>\n                        <\/div>\n                        <div class=\"wpem-event-location\">\n                            <span class=\"wpem-event-location-text\">\n                                Jyv\u00e4skyl\u00e4n p\u00e4\u00e4kirjasto - Jyv\u00e4skyl\u00e4n kaupunginkirjasto, Vapaudenkatu, Jyv\u00e4skyl\u00e4                            <\/span>\n                        <\/div>\n\n                                                    <div class=\"wpem-event-type\"><a href=\"https:\/\/kirjallisuuskalenteri.fi\/sv\/event_listing_type\/esitykset\/\"><span class=\"wpem-event-type-text event-type esitykset \">F\u00f6rest\u00e4llningar<\/span><\/a><a href=\"https:\/\/kirjallisuuskalenteri.fi\/sv\/event_listing_type\/esteeton\/\"><span class=\"wpem-event-type-text event-type esteeton \">Tillg\u00e4nglig<\/span><\/a><\/div>\n                        \n                        <!-- Show in list View \/\/ Hide in Box View -->\n                                                <!-- Show in list View \/\/ Hide in Box View -->\n                    <\/div>\n                <\/div>\n            <\/a>\n        <\/div>\n    <\/div>\n<\/div>\n<div class=\"wpem-event-box-col wpem-col wpem-col-12 wpem-col-md-6 wpem-col-lg-4 \">\n    <!----- wpem-col-lg-4 value can be change by admin settings ------->\n    <div class=\"wpem-event-layout-wrapper\">\n        <div class=\"event_listing event-type-diskussioner-och-intervjuer post-6742 type-event_listing status-expired hentry event_listing_type-keskustelut-ja-haastattelut\">\n            <a href=\"https:\/\/kirjallisuuskalenteri.fi\/sv\/event\/akateemisen-kohtaamispaikalla-hs-teeman-keskustelu-vakoilu\/\" class=\"wpem-event-action-url event-style-color keskustelut-ja-haastattelut\">\n                <div class=\"wpem-event-banner\">\n                    <div class=\"wpem-event-banner-img\" style=\"background-image: url(https:\/\/kirjallisuuskalenteri.fi\/wp-content\/uploads\/event-manager-uploads\/event_banner\/2026\/04\/Verkkosivu-uutiset-paakuva.jpg ) \">\n                        <!-- Hide in list View \/\/ Show in Box View -->\n                                                <div class=\"wpem-event-date\">\n                            <div class=\"wpem-event-date-type\">\n                                <div class=\"wpem-from-date\">\n                                    <div class=\"wpem-date\">29<\/div>\n                                    <div class=\"wpem-month\">apr<\/div>\n                                <\/div>\n                            <\/div>\n                        <\/div>\n                        <!-- Hide in list View \/\/ Show in Box View -->\n                    <\/div>\n                <\/div>\n\n                <div class=\"wpem-event-infomation\">\n                    <div class=\"wpem-event-date\">\n                        <div class=\"wpem-event-date-type\">\n                            <div class=\"wpem-from-date\">\n                                <div class=\"wpem-date\">29<\/div>\n                                <div class=\"wpem-month\">apr<\/div>\n                            <\/div>\n                            <div class=\"wpem-to-date\">\n                                                                     <div class=\"wpem-date-separator\">-<\/div>\n                                    <div class=\"wpem-date\">                                    \n                                        29                                    <\/div>\n                                                                                                     <div class=\"wpem-month\">\n                                        apr                                    <\/div>\n                                                            <\/div>\n                        <\/div>\n                    <\/div>\n\n                    <div class=\"wpem-event-details\">\n                        <div class=\"wpem-event-title\">\n                            <h3 class=\"wpem-heading-text\">Akateemisen Kohtaamispaikalla HS teeman keskustelu: Vakoilu<\/h3>\n                        <\/div>\n                        <div class=\"wpem-event-date-time\">\n                            <span class=\"wpem-event-date-time-text\">29.04.2026                             kl.                             17:30 - 29.04.2026                             kl.                             18:00<\/span>\n                        <\/div>\n                        <div class=\"wpem-event-location\">\n                            <span class=\"wpem-event-location-text\">\n                                Akateeminen Kirjakauppa, Pohjoisesplanadi, Helsinki                            <\/span>\n                        <\/div>\n\n                                                    <div class=\"wpem-event-type\"><a href=\"https:\/\/kirjallisuuskalenteri.fi\/sv\/event_listing_type\/keskustelut-ja-haastattelut\/\"><span class=\"wpem-event-type-text event-type keskustelut-ja-haastattelut \">Diskussioner och intervjuer<\/span><\/a><\/div>\n                        \n                        <!-- Show in list View \/\/ Hide in Box View -->\n                                                <!-- Show in list View \/\/ Hide in Box View -->\n                    <\/div>\n                <\/div>\n            <\/a>\n        <\/div>\n    <\/div>\n<\/div>\n<div class=\"wpem-event-box-col wpem-col wpem-col-12 wpem-col-md-6 wpem-col-lg-4 \">\n    <!----- wpem-col-lg-4 value can be change by admin settings ------->\n    <div class=\"wpem-event-layout-wrapper\">\n        <div class=\"event_listing event-type-diskussioner-och-intervjuer post-6140 type-event_listing status-expired hentry event_listing_type-keskustelut-ja-haastattelut\">\n            <a href=\"https:\/\/kirjallisuuskalenteri.fi\/sv\/event\/lue-naytelma-vieraana-elli-salo\/\" class=\"wpem-event-action-url event-style-color keskustelut-ja-haastattelut\">\n                <div class=\"wpem-event-banner\">\n                    <div class=\"wpem-event-banner-img\" style=\"background-image: url(https:\/\/kirjallisuuskalenteri.fi\/wp-content\/uploads\/event-manager-uploads\/event_banner\/2026\/02\/20260429_lue_naytelma_salo.jpg ) \">\n                        <!-- Hide in list View \/\/ Show in Box View -->\n                                                <div class=\"wpem-event-date\">\n                            <div class=\"wpem-event-date-type\">\n                                <div class=\"wpem-from-date\">\n                                    <div class=\"wpem-date\">29<\/div>\n                                    <div class=\"wpem-month\">apr<\/div>\n                                <\/div>\n                            <\/div>\n                        <\/div>\n                        <!-- Hide in list View \/\/ Show in Box View -->\n                    <\/div>\n                <\/div>\n\n                <div class=\"wpem-event-infomation\">\n                    <div class=\"wpem-event-date\">\n                        <div class=\"wpem-event-date-type\">\n                            <div class=\"wpem-from-date\">\n                                <div class=\"wpem-date\">29<\/div>\n                                <div class=\"wpem-month\">apr<\/div>\n                            <\/div>\n                            <div class=\"wpem-to-date\">\n                                                                     <div class=\"wpem-date-separator\">-<\/div>\n                                    <div class=\"wpem-date\">                                    \n                                        29                                    <\/div>\n                                                                                                     <div class=\"wpem-month\">\n                                        apr                                    <\/div>\n                                                            <\/div>\n                        <\/div>\n                    <\/div>\n\n                    <div class=\"wpem-event-details\">\n                        <div class=\"wpem-event-title\">\n                            <h3 class=\"wpem-heading-text\">Lue n\u00e4ytelm\u00e4! \u2013 vieraana Elli Salo<\/h3>\n                        <\/div>\n                        <div class=\"wpem-event-date-time\">\n                            <span class=\"wpem-event-date-time-text\">29.04.2026                             kl.                             17:00 - 29.04.2026                             kl.                             18:00<\/span>\n                        <\/div>\n                        <div class=\"wpem-event-location\">\n                            <span class=\"wpem-event-location-text\">\n                                Pasilan kirjasto, Kellosilta, Helsinki                            <\/span>\n                        <\/div>\n\n                                                    <div class=\"wpem-event-type\"><a href=\"https:\/\/kirjallisuuskalenteri.fi\/sv\/event_listing_type\/keskustelut-ja-haastattelut\/\"><span class=\"wpem-event-type-text event-type keskustelut-ja-haastattelut \">Diskussioner och intervjuer<\/span><\/a><\/div>\n                        \n                        <!-- Show in list View \/\/ Hide in Box View -->\n                                                <!-- Show in list View \/\/ Hide in Box View -->\n                    <\/div>\n                <\/div>\n            <\/a>\n        <\/div>\n    <\/div>\n<\/div>\n<div class=\"wpem-event-box-col wpem-col wpem-col-12 wpem-col-md-6 wpem-col-lg-4 \">\n    <!----- wpem-col-lg-4 value can be change by admin settings ------->\n    <div class=\"wpem-event-layout-wrapper\">\n        <div class=\"event_listing event-type-pa-engelska event-type-bokcirklar post-6569 type-event_listing status-expired hentry event_listing_type-englanniksi event_listing_type-lukupiirit\">\n            <a href=\"https:\/\/kirjallisuuskalenteri.fi\/sv\/event\/akateeminen-business-book-club-stop-chasing-happiness\/\" class=\"wpem-event-action-url event-style-color englanniksi\">\n                <div class=\"wpem-event-banner\">\n                    <div class=\"wpem-event-banner-img\" style=\"background-image: url(https:\/\/kirjallisuuskalenteri.fi\/wp-content\/uploads\/event-manager-uploads\/event_banner\/2026\/03\/2904_KP_BC.jpg ) \">\n                        <!-- Hide in list View \/\/ Show in Box View -->\n                                                <div class=\"wpem-event-date\">\n                            <div class=\"wpem-event-date-type\">\n                                <div class=\"wpem-from-date\">\n                                    <div class=\"wpem-date\">29<\/div>\n                                    <div class=\"wpem-month\">apr<\/div>\n                                <\/div>\n                            <\/div>\n                        <\/div>\n                        <!-- Hide in list View \/\/ Show in Box View -->\n                    <\/div>\n                <\/div>\n\n                <div class=\"wpem-event-infomation\">\n                    <div class=\"wpem-event-date\">\n                        <div class=\"wpem-event-date-type\">\n                            <div class=\"wpem-from-date\">\n                                <div class=\"wpem-date\">29<\/div>\n                                <div class=\"wpem-month\">apr<\/div>\n                            <\/div>\n                            <div class=\"wpem-to-date\">\n                                                                     <div class=\"wpem-date-separator\">-<\/div>\n                                    <div class=\"wpem-date\">                                    \n                                        29                                    <\/div>\n                                                                                                     <div class=\"wpem-month\">\n                                        apr                                    <\/div>\n                                                            <\/div>\n                        <\/div>\n                    <\/div>\n\n                    <div class=\"wpem-event-details\">\n                        <div class=\"wpem-event-title\">\n                            <h3 class=\"wpem-heading-text\">Akateeminen Business Book Club: Stop Chasing Happiness<\/h3>\n                        <\/div>\n                        <div class=\"wpem-event-date-time\">\n                            <span class=\"wpem-event-date-time-text\">29.04.2026                             kl.                             15:00 - 29.04.2026                             kl.                             16:30<\/span>\n                        <\/div>\n                        <div class=\"wpem-event-location\">\n                            <span class=\"wpem-event-location-text\">\n                                Akateeminen Kirjakauppa, Yliopistonkatu, Turku                            <\/span>\n                        <\/div>\n\n                                                    <div class=\"wpem-event-type\"><a href=\"https:\/\/kirjallisuuskalenteri.fi\/sv\/event_listing_type\/englanniksi\/\"><span class=\"wpem-event-type-text event-type englanniksi \">P\u00e5 engelska<\/span><\/a><a href=\"https:\/\/kirjallisuuskalenteri.fi\/sv\/event_listing_type\/lukupiirit\/\"><span class=\"wpem-event-type-text event-type lukupiirit \">Bokcirklar<\/span><\/a><\/div>\n                        \n                        <!-- Show in list View \/\/ Hide in Box View -->\n                                                <!-- Show in list View \/\/ Hide in Box View -->\n                    <\/div>\n                <\/div>\n            <\/a>\n        <\/div>\n    <\/div>\n<\/div>\n<div class=\"wpem-event-box-col wpem-col wpem-col-12 wpem-col-md-6 wpem-col-lg-4 \">\n    <!----- wpem-col-lg-4 value can be change by admin settings ------->\n    <div class=\"wpem-event-layout-wrapper\">\n        <div class=\"event_listing event-type-pa-engelska event-type-diskussioner-och-intervjuer post-6727 type-event_listing status-expired hentry event_listing_type-englanniksi event_listing_type-keskustelut-ja-haastattelut\">\n            <a href=\"https:\/\/kirjallisuuskalenteri.fi\/sv\/event\/akateemisen-kohtaamispaikalla-mihail-siskin-ja-presidentti-sauli-niinisto\/\" class=\"wpem-event-action-url event-style-color englanniksi\">\n                <div class=\"wpem-event-banner\">\n                    <div class=\"wpem-event-banner-img\" style=\"background-image: url(https:\/\/kirjallisuuskalenteri.fi\/wp-content\/uploads\/event-manager-uploads\/event_banner\/2026\/04\/2804_KP_1200x600_SiskinNiinist.jpg ) \">\n                        <!-- Hide in list View \/\/ Show in Box View -->\n                                                <div class=\"wpem-event-date\">\n                            <div class=\"wpem-event-date-type\">\n                                <div class=\"wpem-from-date\">\n                                    <div class=\"wpem-date\">28<\/div>\n                                    <div class=\"wpem-month\">apr<\/div>\n                                <\/div>\n                            <\/div>\n                        <\/div>\n                        <!-- Hide in list View \/\/ Show in Box View -->\n                    <\/div>\n                <\/div>\n\n                <div class=\"wpem-event-infomation\">\n                    <div class=\"wpem-event-date\">\n                        <div class=\"wpem-event-date-type\">\n                            <div class=\"wpem-from-date\">\n                                <div class=\"wpem-date\">28<\/div>\n                                <div class=\"wpem-month\">apr<\/div>\n                            <\/div>\n                            <div class=\"wpem-to-date\">\n                                                                     <div class=\"wpem-date-separator\">-<\/div>\n                                    <div class=\"wpem-date\">                                    \n                                        28                                    <\/div>\n                                                                                                     <div class=\"wpem-month\">\n                                        apr                                    <\/div>\n                                                            <\/div>\n                        <\/div>\n                    <\/div>\n\n                    <div class=\"wpem-event-details\">\n                        <div class=\"wpem-event-title\">\n                            <h3 class=\"wpem-heading-text\">Akateemisen Kohtaamispaikalla Mihail \u0160i\u0161kin ja presidentti Sauli Niinist\u00f6<\/h3>\n                        <\/div>\n                        <div class=\"wpem-event-date-time\">\n                            <span class=\"wpem-event-date-time-text\">28.04.2026                             kl.                             17:00 - 28.04.2026                             kl.                             18:00<\/span>\n                        <\/div>\n                        <div class=\"wpem-event-location\">\n                            <span class=\"wpem-event-location-text\">\n                                Akateeminen Kirjakauppa, Pohjoisesplanadi, Helsinki                            <\/span>\n                        <\/div>\n\n                                                    <div class=\"wpem-event-type\"><a href=\"https:\/\/kirjallisuuskalenteri.fi\/sv\/event_listing_type\/englanniksi\/\"><span class=\"wpem-event-type-text event-type englanniksi \">P\u00e5 engelska<\/span><\/a><a href=\"https:\/\/kirjallisuuskalenteri.fi\/sv\/event_listing_type\/keskustelut-ja-haastattelut\/\"><span class=\"wpem-event-type-text event-type keskustelut-ja-haastattelut \">Diskussioner och intervjuer<\/span><\/a><\/div>\n                        \n                        <!-- Show in list View \/\/ Hide in Box View -->\n                                                <!-- Show in list View \/\/ Hide in Box View -->\n                    <\/div>\n                <\/div>\n            <\/a>\n        <\/div>\n    <\/div>\n<\/div>\n<div class=\"wpem-event-box-col wpem-col wpem-col-12 wpem-col-md-6 wpem-col-lg-4 \">\n    <!----- wpem-col-lg-4 value can be change by admin settings ------->\n    <div class=\"wpem-event-layout-wrapper\">\n        <div class=\"event_listing event-type-tillganglig event-type-diskussioner-och-intervjuer post-6842 type-event_listing status-expired hentry event_listing_type-esteeton event_listing_type-keskustelut-ja-haastattelut\">\n            <a href=\"https:\/\/kirjallisuuskalenteri.fi\/sv\/event\/pekka-jarvinen-mieleni-minut-tekevi-kohti-ihmisen-itseymmarrysta\/\" class=\"wpem-event-action-url event-style-color esteeton\">\n                <div class=\"wpem-event-banner\">\n                    <div class=\"wpem-event-banner-img\" style=\"background-image: url(https:\/\/kirjallisuuskalenteri.fi\/wp-content\/uploads\/event-manager-uploads\/event_banner\/2026\/04\/Rosebud28042026.jpg ) \">\n                        <!-- Hide in list View \/\/ Show in Box View -->\n                                                <div class=\"wpem-event-date\">\n                            <div class=\"wpem-event-date-type\">\n                                <div class=\"wpem-from-date\">\n                                    <div class=\"wpem-date\">28<\/div>\n                                    <div class=\"wpem-month\">apr<\/div>\n                                <\/div>\n                            <\/div>\n                        <\/div>\n                        <!-- Hide in list View \/\/ Show in Box View -->\n                    <\/div>\n                <\/div>\n\n                <div class=\"wpem-event-infomation\">\n                    <div class=\"wpem-event-date\">\n                        <div class=\"wpem-event-date-type\">\n                            <div class=\"wpem-from-date\">\n                                <div class=\"wpem-date\">28<\/div>\n                                <div class=\"wpem-month\">apr<\/div>\n                            <\/div>\n                            <div class=\"wpem-to-date\">\n                                                                     <div class=\"wpem-date-separator\">-<\/div>\n                                    <div class=\"wpem-date\">                                    \n                                        28                                    <\/div>\n                                                                                                     <div class=\"wpem-month\">\n                                        apr                                    <\/div>\n                                                            <\/div>\n                        <\/div>\n                    <\/div>\n\n                    <div class=\"wpem-event-details\">\n                        <div class=\"wpem-event-title\">\n                            <h3 class=\"wpem-heading-text\">Pekka J\u00e4rvinen: Mieleni minut tekevi &#8211; kohti ihmisen itseymm\u00e4rryst\u00e4<\/h3>\n                        <\/div>\n                        <div class=\"wpem-event-date-time\">\n                            <span class=\"wpem-event-date-time-text\">28.04.2026                             kl.                             17:00 - 28.04.2026                             kl.                             18:00<\/span>\n                        <\/div>\n                        <div class=\"wpem-event-location\">\n                            <span class=\"wpem-event-location-text\">\n                                Rosebud Postitalo, Postikatu, Helsinki                            <\/span>\n                        <\/div>\n\n                                                    <div class=\"wpem-event-type\"><a href=\"https:\/\/kirjallisuuskalenteri.fi\/sv\/event_listing_type\/esteeton\/\"><span class=\"wpem-event-type-text event-type esteeton \">Tillg\u00e4nglig<\/span><\/a><a href=\"https:\/\/kirjallisuuskalenteri.fi\/sv\/event_listing_type\/keskustelut-ja-haastattelut\/\"><span class=\"wpem-event-type-text event-type keskustelut-ja-haastattelut \">Diskussioner och intervjuer<\/span><\/a><\/div>\n                        \n                        <!-- Show in list View \/\/ Hide in Box View -->\n                                                <!-- Show in list View \/\/ Hide in Box View -->\n                    <\/div>\n                <\/div>\n            <\/a>\n        <\/div>\n    <\/div>\n<\/div>\n<div class=\"wpem-event-box-col wpem-col wpem-col-12 wpem-col-md-6 wpem-col-lg-4 \">\n    <!----- wpem-col-lg-4 value can be change by admin settings ------->\n    <div class=\"wpem-event-layout-wrapper\">\n        <div class=\"event_listing event-type-kurser-och-utbildningar post-5715 type-event_listing status-expired hentry event_listing_type-kurssit-ja-koulutukset\">\n            <a href=\"https:\/\/kirjallisuuskalenteri.fi\/sv\/event\/kirjat-jotka-antavat-kevatta-rintaan\/\" class=\"wpem-event-action-url event-style-color kurssit-ja-koulutukset\">\n                <div class=\"wpem-event-banner\">\n                    <div class=\"wpem-event-banner-img\" style=\"background-image: url(https:\/\/kirjallisuuskalenteri.fi\/wp-content\/uploads\/event-manager-uploads\/event_banner\/2025\/12\/Omnia_kirjapino_1920x1080_1200_675-2.jpg ) \">\n                        <!-- Hide in list View \/\/ Show in Box View -->\n                                                <div class=\"wpem-event-date\">\n                            <div class=\"wpem-event-date-type\">\n                                <div class=\"wpem-from-date\">\n                                    <div class=\"wpem-date\">27<\/div>\n                                    <div class=\"wpem-month\">apr<\/div>\n                                <\/div>\n                            <\/div>\n                        <\/div>\n                        <!-- Hide in list View \/\/ Show in Box View -->\n                    <\/div>\n                <\/div>\n\n                <div class=\"wpem-event-infomation\">\n                    <div class=\"wpem-event-date\">\n                        <div class=\"wpem-event-date-type\">\n                            <div class=\"wpem-from-date\">\n                                <div class=\"wpem-date\">27<\/div>\n                                <div class=\"wpem-month\">apr<\/div>\n                            <\/div>\n                            <div class=\"wpem-to-date\">\n                                                                     <div class=\"wpem-date-separator\">-<\/div>\n                                    <div class=\"wpem-date\">                                    \n                                        25                                    <\/div>\n                                                                                                     <div class=\"wpem-month\">\n                                        maj                                    <\/div>\n                                                            <\/div>\n                        <\/div>\n                    <\/div>\n\n                    <div class=\"wpem-event-details\">\n                        <div class=\"wpem-event-title\">\n                            <h3 class=\"wpem-heading-text\">Kirjat, jotka antavat kev\u00e4tt\u00e4 rintaan<\/h3>\n                        <\/div>\n                        <div class=\"wpem-event-date-time\">\n                            <span class=\"wpem-event-date-time-text\">27.04.2026                             kl.                             19:00 - 25.05.2026                             kl.                             20:30<\/span>\n                        <\/div>\n                        <div class=\"wpem-event-location\">\n                            <span class=\"wpem-event-location-text\">\n                                Online Event                            <\/span>\n                        <\/div>\n\n                                                    <div class=\"wpem-event-type\"><a href=\"https:\/\/kirjallisuuskalenteri.fi\/sv\/event_listing_type\/kurssit-ja-koulutukset\/\"><span class=\"wpem-event-type-text event-type kurssit-ja-koulutukset \">Kurser och utbildningar<\/span><\/a><\/div>\n                        \n                        <!-- Show in list View \/\/ Hide in Box View -->\n                                                <!-- Show in list View \/\/ Hide in Box View -->\n                    <\/div>\n                <\/div>\n            <\/a>\n        <\/div>\n    <\/div>\n<\/div>\n<div class=\"wpem-event-box-col wpem-col wpem-col-12 wpem-col-md-6 wpem-col-lg-4 \">\n    <!----- wpem-col-lg-4 value can be change by admin settings ------->\n    <div class=\"wpem-event-layout-wrapper\">\n        <div class=\"event_listing event-type-tillganglig event-type-publiceringar-och-presskonferenser event-type-diskussioner-och-intervjuer post-6838 type-event_listing status-expired hentry event_listing_type-esteeton event_listing_type-julkistukset-ja-mediatilaisuudet event_listing_type-keskustelut-ja-haastattelut\">\n            <a href=\"https:\/\/kirjallisuuskalenteri.fi\/sv\/event\/anneli-kannon-elamanlangalla-kirjan-julkkarit\/\" class=\"wpem-event-action-url event-style-color esteeton\">\n                <div class=\"wpem-event-banner\">\n                    <div class=\"wpem-event-banner-img\" style=\"background-image: url(https:\/\/kirjallisuuskalenteri.fi\/wp-content\/uploads\/event-manager-uploads\/event_banner\/2026\/04\/Rosebud27042026.jpg ) \">\n                        <!-- Hide in list View \/\/ Show in Box View -->\n                                                <div class=\"wpem-event-date\">\n                            <div class=\"wpem-event-date-type\">\n                                <div class=\"wpem-from-date\">\n                                    <div class=\"wpem-date\">27<\/div>\n                                    <div class=\"wpem-month\">apr<\/div>\n                                <\/div>\n                            <\/div>\n                        <\/div>\n                        <!-- Hide in list View \/\/ Show in Box View -->\n                    <\/div>\n                <\/div>\n\n                <div class=\"wpem-event-infomation\">\n                    <div class=\"wpem-event-date\">\n                        <div class=\"wpem-event-date-type\">\n                            <div class=\"wpem-from-date\">\n                                <div class=\"wpem-date\">27<\/div>\n                                <div class=\"wpem-month\">apr<\/div>\n                            <\/div>\n                            <div class=\"wpem-to-date\">\n                                                                     <div class=\"wpem-date-separator\">-<\/div>\n                                    <div class=\"wpem-date\">                                    \n                                        27                                    <\/div>\n                                                                                                     <div class=\"wpem-month\">\n                                        apr                                    <\/div>\n                                                            <\/div>\n                        <\/div>\n                    <\/div>\n\n                    <div class=\"wpem-event-details\">\n                        <div class=\"wpem-event-title\">\n                            <h3 class=\"wpem-heading-text\">Anneli Kannon El\u00e4m\u00e4nlangalla-kirjan julkkarit<\/h3>\n                        <\/div>\n                        <div class=\"wpem-event-date-time\">\n                            <span class=\"wpem-event-date-time-text\">27.04.2026                             kl.                             17:00 - 27.04.2026                             kl.                             18:00<\/span>\n                        <\/div>\n                        <div class=\"wpem-event-location\">\n                            <span class=\"wpem-event-location-text\">\n                                Rosebud Postitalo, Postikatu, Helsinki                            <\/span>\n                        <\/div>\n\n                                                    <div class=\"wpem-event-type\"><a href=\"https:\/\/kirjallisuuskalenteri.fi\/sv\/event_listing_type\/esteeton\/\"><span class=\"wpem-event-type-text event-type esteeton \">Tillg\u00e4nglig<\/span><\/a><a href=\"https:\/\/kirjallisuuskalenteri.fi\/sv\/event_listing_type\/julkistukset-ja-mediatilaisuudet\/\"><span class=\"wpem-event-type-text event-type julkistukset-ja-mediatilaisuudet \">Publiceringar och presskonferenser<\/span><\/a><a href=\"https:\/\/kirjallisuuskalenteri.fi\/sv\/event_listing_type\/keskustelut-ja-haastattelut\/\"><span class=\"wpem-event-type-text event-type keskustelut-ja-haastattelut \">Diskussioner och intervjuer<\/span><\/a><\/div>\n                        \n                        <!-- Show in list View \/\/ Hide in Box View -->\n                                                <!-- Show in list View \/\/ Hide in Box View -->\n                    <\/div>\n                <\/div>\n            <\/a>\n        <\/div>\n    <\/div>\n<\/div>\n<div class=\"wpem-event-box-col wpem-col wpem-col-12 wpem-col-md-6 wpem-col-lg-4 \">\n    <!----- wpem-col-lg-4 value can be change by admin settings ------->\n    <div class=\"wpem-event-layout-wrapper\">\n        <div class=\"event_listing event-type-forestallningar event-type-tillganglig event-type-kvallsklubbar post-6754 type-event_listing status-expired hentry event_listing_type-esitykset event_listing_type-esteeton event_listing_type-iltaklubit\">\n            <a href=\"https:\/\/kirjallisuuskalenteri.fi\/sv\/event\/ruusu-open-mic-70\/\" class=\"wpem-event-action-url event-style-color esitykset\">\n                <div class=\"wpem-event-banner\">\n                    <div class=\"wpem-event-banner-img\" style=\"background-image: url(https:\/\/kirjallisuuskalenteri.fi\/wp-content\/uploads\/event-manager-uploads\/event_banner\/2026\/04\/ruusuvaakakuva.jpg ) \">\n                        <!-- Hide in list View \/\/ Show in Box View -->\n                                                <div class=\"wpem-event-date\">\n                            <div class=\"wpem-event-date-type\">\n                                <div class=\"wpem-from-date\">\n                                    <div class=\"wpem-date\">26<\/div>\n                                    <div class=\"wpem-month\">apr<\/div>\n                                <\/div>\n                            <\/div>\n                        <\/div>\n                        <!-- Hide in list View \/\/ Show in Box View -->\n                    <\/div>\n                <\/div>\n\n                <div class=\"wpem-event-infomation\">\n                    <div class=\"wpem-event-date\">\n                        <div class=\"wpem-event-date-type\">\n                            <div class=\"wpem-from-date\">\n                                <div class=\"wpem-date\">26<\/div>\n                                <div class=\"wpem-month\">apr<\/div>\n                            <\/div>\n                            <div class=\"wpem-to-date\">\n                                                                     <div class=\"wpem-date-separator\">-<\/div>\n                                    <div class=\"wpem-date\">                                    \n                                        26                                    <\/div>\n                                                                                                     <div class=\"wpem-month\">\n                                        apr                                    <\/div>\n                                                            <\/div>\n                        <\/div>\n                    <\/div>\n\n                    <div class=\"wpem-event-details\">\n                        <div class=\"wpem-event-title\">\n                            <h3 class=\"wpem-heading-text\">Ruusu Open Mic #70<\/h3>\n                        <\/div>\n                        <div class=\"wpem-event-date-time\">\n                            <span class=\"wpem-event-date-time-text\">26.04.2026                             kl.                             17:00 - 26.04.2026                             kl.                             20:00<\/span>\n                        <\/div>\n                        <div class=\"wpem-event-location\">\n                            <span class=\"wpem-event-location-text\">\n                                S\u00f6rkan Ruusu, P\u00e4\u00e4skyl\u00e4nrinne, Helsinki                            <\/span>\n                        <\/div>\n\n                                                    <div class=\"wpem-event-type\"><a href=\"https:\/\/kirjallisuuskalenteri.fi\/sv\/event_listing_type\/esitykset\/\"><span class=\"wpem-event-type-text event-type esitykset \">F\u00f6rest\u00e4llningar<\/span><\/a><a href=\"https:\/\/kirjallisuuskalenteri.fi\/sv\/event_listing_type\/esteeton\/\"><span class=\"wpem-event-type-text event-type esteeton \">Tillg\u00e4nglig<\/span><\/a><a href=\"https:\/\/kirjallisuuskalenteri.fi\/sv\/event_listing_type\/iltaklubit\/\"><span class=\"wpem-event-type-text event-type iltaklubit \">Kv\u00e4llsklubbar<\/span><\/a><\/div>\n                        \n                        <!-- Show in list View \/\/ Hide in Box View -->\n                                                <!-- Show in list View \/\/ Hide in Box View -->\n                    <\/div>\n                <\/div>\n            <\/a>\n        <\/div>\n    <\/div>\n<\/div><\/div>\n<\/div>\n\t\t\t\t\t\t<div class=\"event-organizer-pagination wpem-col-12\">\n\t\t\t\t\t\t\t\n<nav class=\"event-manager-pagination-2\">\n\t<ul class='page-numbers'>\n\t<li><span aria-current=\"page\" class=\"page-numbers current\">1<\/span><\/li>\n\t<li><a class=\"page-numbers\" href=\"https:\/\/kirjallisuuskalenteri.fi\/sv\/wp-json\/wp\/v2\/pages\/1412\/page\/2\/\">2<\/a><\/li>\n\t<li><a class=\"page-numbers\" href=\"https:\/\/kirjallisuuskalenteri.fi\/sv\/wp-json\/wp\/v2\/pages\/1412\/page\/3\/\">3<\/a><\/li>\n\t<li><a class=\"page-numbers\" href=\"https:\/\/kirjallisuuskalenteri.fi\/sv\/wp-json\/wp\/v2\/pages\/1412\/page\/4\/\">4<\/a><\/li>\n\t<li><span class=\"page-numbers dots\">&hellip;<\/span><\/li>\n\t<li><a class=\"page-numbers\" href=\"https:\/\/kirjallisuuskalenteri.fi\/sv\/wp-json\/wp\/v2\/pages\/1412\/page\/85\/\">85<\/a><\/li>\n\t<li><a class=\"page-numbers\" href=\"https:\/\/kirjallisuuskalenteri.fi\/sv\/wp-json\/wp\/v2\/pages\/1412\/page\/86\/\">86<\/a><\/li>\n\t<li><a class=\"page-numbers\" href=\"https:\/\/kirjallisuuskalenteri.fi\/sv\/wp-json\/wp\/v2\/pages\/1412\/page\/87\/\">87<\/a><\/li>\n\t<li><a class=\"next page-numbers\" href=\"https:\/\/kirjallisuuskalenteri.fi\/sv\/wp-json\/wp\/v2\/pages\/1412\/page\/2\/\">&rarr;<\/a><\/li>\n<\/ul>\n<\/nav>\t\t\t\t\t\t<\/div>\n\t\t\t\t\t\t\t\t<\/div>\n\t\t\n","protected":false},"excerpt":{"rendered":"Tervetuloa nauttimaan lavarunoudesta ja muusta sanataiteesta Ruusu Open Micciin Ravintola S\u00f6rkan Ruusuun! Tuttuun tapaan ilta alkaa l\u00e4mmittelij\u00e4vieraan esityksell\u00e4, jonka j\u00e4lkeen on avoimen open micin aika. Lokakuun esiintyj\u00e4 on Petra Vallila!\u00a0 Avomikkiin ilmoittaudutaan paikan p\u00e4\u00e4ll\u00e4 heti l\u00e4mmittelij\u00e4esityksen j\u00e4lkeen ensimm\u00e4isen tauon aikana. Voit esitt\u00e4\u00e4 tekstisi, laulusi tai muun esityksesi haluamallasi kielell\u00e4. Paikalla on mahdollisuus liitt\u00e4\u00e4 puhelin tai [...]","protected":false},"author":1,"featured_media":0,"parent":0,"menu_order":0,"comment_status":"closed","ping_status":"closed","template":"","meta":{"footnotes":""},"class_list":["post-1412","page","type-page","status-publish","hentry"],"_links":{"self":[{"href":"https:\/\/kirjallisuuskalenteri.fi\/sv\/wp-json\/wp\/v2\/pages\/1412","targetHints":{"allow":["GET"]}}],"collection":[{"href":"https:\/\/kirjallisuuskalenteri.fi\/sv\/wp-json\/wp\/v2\/pages"}],"about":[{"href":"https:\/\/kirjallisuuskalenteri.fi\/sv\/wp-json\/wp\/v2\/types\/page"}],"author":[{"embeddable":true,"href":"https:\/\/kirjallisuuskalenteri.fi\/sv\/wp-json\/wp\/v2\/users\/1"}],"replies":[{"embeddable":true,"href":"https:\/\/kirjallisuuskalenteri.fi\/sv\/wp-json\/wp\/v2\/comments?post=1412"}],"version-history":[{"count":0,"href":"https:\/\/kirjallisuuskalenteri.fi\/sv\/wp-json\/wp\/v2\/pages\/1412\/revisions"}],"wp:attachment":[{"href":"https:\/\/kirjallisuuskalenteri.fi\/sv\/wp-json\/wp\/v2\/media?parent=1412"}],"curies":[{"name":"wp","href":"https:\/\/api.w.org\/{rel}","templated":true}]}}