{"id":273,"date":"2024-07-24T16:17:07","date_gmt":"2024-07-24T14:17:07","guid":{"rendered":"http:\/\/kirjallisuuskalenteri.fi\/evenemang\/"},"modified":"2024-10-23T09:00:41","modified_gmt":"2024-10-23T06:00:41","slug":"evenemang","status":"publish","type":"page","link":"https:\/\/kirjallisuuskalenteri.fi\/sv\/","title":{"rendered":"Evenemang"},"content":{"rendered":"<div class=\"wpb-content-wrapper\"><p>[vc_row][vc_column][vc_column_text css=&#8221;&#8221;]<div id=\"kirja-857124042\"><p><a href=\"https:\/\/www.tekstintalo.fi\/\" target=\"_blank\" rel=\"noopener\"><img decoding=\"async\" class=\"alignnone size-full wp-image-2175\" src=\"https:\/\/kirjallisuuskalenteri.fi\/wp-content\/uploads\/2024\/07\/Tekstintalo_banner_1300X325.png\" alt=\"tekstin talon logoja\" width=\"1300\" height=\"326\" srcset=\"https:\/\/kirjallisuuskalenteri.fi\/wp-content\/uploads\/2024\/07\/Tekstintalo_banner_1300X325.png 1300w, https:\/\/kirjallisuuskalenteri.fi\/wp-content\/uploads\/2024\/07\/Tekstintalo_banner_1300X325-850x213.png 850w, https:\/\/kirjallisuuskalenteri.fi\/wp-content\/uploads\/2024\/07\/Tekstintalo_banner_1300X325-768x193.png 768w\" sizes=\"(max-width: 1300px) 100vw, 1300px\" \/><\/a><\/p>\n<\/div>[\/vc_column_text][vc_empty_space][\/vc_column][\/vc_row][vc_row][vc_column el_class=&#8221;postgrid&#8221;][vc_wp_posts title=&#8221;De senaste artiklarna&#8221; number=&#8221;4&#8243; el_class=&#8221;artikkelitwrapper&#8221;][vc_btn title=&#8221;Fler artiklar&#8221; style=&#8221;flat&#8221; css=&#8221;&#8221; link=&#8221;url:%2Fsv%2Fartiklar%2F|title:Blogg&#8221; el_class=&#8221;artikkelitbutton&#8221;][\/vc_column][\/vc_row][vc_row][vc_column][vc_column_text css=&#8221;&#8221;]<\/p>\n<h1>Bl\u00e4ddra bland evenemang<\/h1>\n<div class=\"event_listings\" data-location=\"\" data-keywords=\"\" data-show_filters=\"true\" data-show_pagination=\"false\" data-per_page=\"10\" data-orderby=\"event_start_date\" data-order=\"ASC\" data-datetimes=\"\" data-categories=\"\" data-event_types=\"\" data-ticket_prices=\"\" data-event_online=\"\" >\n\n\n\n<form class=\"wpem-main wpem-form-wrapper wpem-event-filter-wrapper event_filters\" id=\"event_filters\">\n\t\t<div class=\"search_events search-form-container\">\n\t\t\t\t\n\t\t\n\t\t\t\n\t\t<!-- Search by event categories section start -->\n\t\t\t\t\t\t<!-- Search by event categories section end -->\n\t\t\t\n\t\t\t\n\t\t\t\n\t\t\t\n\t\t\t\n\t\t<div class=\"wpem-row\">\n\t\t\t\n\n\t\t\t<!-- Search by event type section start -->\n\t\t\t\t\t\t\t<div class=\"wpem-col\">\n\t\t\t\t\t<div class=\"wpem-form-group\">\n\t\t\t\t\t\t<label for=\"search_event_types\" class=\"wpem-form-label\">Filter events using one or more criteria. The search results will correspond to all your chosen criteria.<\/label>\n\t\t\t\t\t\t<select name='search_event_types[]' id='search_event_types' class='event-manager-category-dropdown' multiple='multiple' data-placeholder='' data-no_results_text='No results match' data-multiple_text=''>\n\t<option class=\"level-0\" value=\"esitykset\">Esitykset<\/option>\n\t<option class=\"level-0\" value=\"festivaalit-ja-messut\">Festivaalit ja messut<\/option>\n\t<option class=\"level-0\" value=\"iltaklubit\">Iltaklubit<\/option>\n\t<option class=\"level-0\" value=\"julkistukset-ja-mediatilaisuudet\">Julkistukset ja mediatilaisuudet<\/option>\n\t<option class=\"level-0\" value=\"keskustelut-ja-haastattelut\">Keskustelut ja haastattelut<\/option>\n\t<option class=\"level-0\" value=\"kierrokset-ja-opastukset\">Kierrokset ja opastukset<\/option>\n\t<option class=\"level-0\" value=\"kurssit-ja-koulutukset\">Kurssit ja koulutukset<\/option>\n\t<option class=\"level-0\" value=\"lukupiirit\">Lukupiirit<\/option>\n\t<option class=\"level-0\" value=\"myyntitapahtumat\">Myyntitapahtumat<\/option>\n\t<option class=\"level-0\" value=\"nayttelyt\">N\u00e4yttelyt<\/option>\n\t<option class=\"level-0\" value=\"tyopajat\">Ty\u00f6pajat<\/option>\n\t<option class=\"level-0\" value=\"verkossa\">Verkossa<\/option>\n\t<option class=\"level-0\" value=\"lapsille\">Lapsille<\/option>\n\t<option class=\"level-0\" value=\"esteeton\">Esteet\u00f6n<\/option>\n\t<option class=\"level-0\" value=\"ruotsiksi\">Ruotsiksi<\/option>\n\t<option class=\"level-0\" value=\"englanniksi\">Englanniksi<\/option>\n\t<option class=\"level-0\" value=\"muulla-kielella\">Muulla kielell\u00e4<\/option>\n\t<option class=\"level-0\" value=\"party-or-social-gathering\">Party or Social Gathering<\/option>\n<\/select>\n\t\t\t\t\t\t\t\t\t\t\t<\/div>\n\t\t\t\t<\/div>\n\t\t\t\t\t\t<!-- Search by event type section end -->\n\t\t<\/div> <!-- \/row -->\n\t\t\n\t\t<div class=\"wpem-row\">\n\t\t\t<!-- Search by keywords section start -->\n\t\t\t<div class=\"wpem-col\">\n\t\t\t\t<!-- shows default keywords text field  start-->\n\t\t\t\t<div class=\"wpem-form-group\">\n\t\t\t\t\t<label for=\"search_keywords\" class=\"wpem-form-label\">Ords\u00f6kning<\/label>\n\t\t\t\t\t<input type=\"text\" name=\"search_keywords\" id=\"search_keywords\" placeholder=\"Ords\u00f6kning\" value=\"\" \/>\n\t\t\t\t<\/div>\n\t\t\t\t<!-- shows default keywords text field end -->\n\t\t\t<\/div>\n\t\t\t<!-- Search by keywords section end-->\n\t\t\t<!-- Search by date section start -->\n\t\t\t\n\t\t\t\t<div class=\"wpem-col\">\n\t\t\t\t\t<div class=\"wpem-form-group\">\n\t\t\t\t\t\t<label for=\"search_datetimes\" class=\"wpem-form-label\">Any dates<\/label>\n\t\t\t\t\t\t<input type=\"text\" name=\"search_datetimes[]\" id=\"search_datetimes\" value='' class=\"event-manager-category-dropdown date_range_picker\">\n\t\t\t\t\t<\/div>\n\t\t\t\t<\/div>\n\t\t\t\t\t\t<!-- Search by date section end -->\n\t\t\t<\/div> <!-- \/row -->\n\t\t\t<div class=\"wpem-row\">\n\t<!-- Search by location section start -->\n\t\t\t<div class=\"wpem-col\">\n\t\t\t\t<div class=\"wpem-form-group wpem-location-container\">\n\t\t\t\t\t<label for=\"search_location\" class=\"wpem-form-label\">L\u00e4ge<\/label>\n\t\t\t\t\t<input type=\"text\" name=\"search_location\" id=\"search_location\" placeholder=\"L\u00e4ge\" value=\"\" \/>\n\t\t\t\t<\/div>\n\t\t\t<\/div>\n\t\t\t<!-- Search by location section end -->\n\n\n\n\t\t\n\n\t\t\t\n\t\t\t\n\t\n    <!-- Search by map section section start -->\t\n    <div class=\"wpem-col\">\n        <div class=\"wpem-form-group\">\n            <label for=\"search_within_radius\" class=\"wpem-form-label\">Avst\u00e5nd i kilometer<\/label>\n            <select name=\"search_within_radius[]\" id=\"search_within_radius\" class=\"event-manager-category-dropdown\" data-placeholder=\"Within\" data-no_results_text=\"No results match\" data-multiple_text=\"V\u00e4lj bland alternativen\" >\n                <option value=\"\" >Avst\u00e5nd i kilometer<\/option>\n                                    <option value=\"10\" >\n                        10                    <\/option>\n                                    <option value=\"25\" >\n                        25                    <\/option>\n                                    <option value=\"50\" >\n                        50                    <\/option>\n                                    <option value=\"100\" >\n                        100                    <\/option>\n                                    <option value=\"200\" >\n                        200                    <\/option>\n                            <\/select>\n        <\/div>\n    <\/div>\n    \n\n    \n    <div class=\"wpem-col\">\n        <div class=\"wpem-form-group\">\n            <label for=\"search_orderby\" class=\"wpem-form-label\">Sort By<\/label>\n            <select name=\"search_orderby[]\" id=\"search_orderby\" class=\"event-manager-category-dropdown\" data-placeholder=\"Sort By\" data-no_results_text=\"No results match\" data-multiple_text=\"V\u00e4lj bland alternativen\" >\n                <option value=\"\">Sortera resultaten<\/option>\n                \n                   \n                    <option value=\"distance\" >\n                        Avst\u00e5nd                    <\/option>\n\t\t\t\t<option value=\"title\" >\n                        Namn                    <\/option>\n\t\t\t\t<option value=\"event_start_date\" >\n                        Startdatum                    <\/option>\n                \n            <\/select>\n        <\/div>\n    <\/div>\n<\/div>\n<input type=\"hidden\" id=\"search_distance_units\" name=\"search_distance_units[]\" value=\"km\" \/>\n<input type=\"hidden\" id=\"google_map_lat\" name=\"google_map_lat\" value=\"\" \/>\n<input type=\"hidden\" id=\"google_map_lng\" name=\"google_map_lng\" value=\"\" \/>\t\n\t<\/div>\n\t<div class=\"showing_applied_filters\"><\/div><\/form>\n<noscript>Your browser does not support JavaScript, or it is disabled. JavaScript must be enabled in order to view listings.<\/noscript>\n\t\n\t<script type=\"text\/javascript\">\njQuery('.nm-mobile-menu .menu-item-1469 a').on('click', function() {\n    jQuery( '#nm-mobile-menu-button' ).trigger('click');\n});\n<\/script>\n\n\n<script src=\"https:\/\/ajax.googleapis.com\/ajax\/libs\/jquery\/3.7.1\/jquery.min.js\"><\/script>\n\t<script type=\"text\/javascript\">          \n$(\"document\").ready(function() {\n setTimeout(function() {\n\t\n\t  $(\"#search_categories_chosen\").trigger('mousedown');\n\n    },10);\n});\n\t<\/script>\n\t\n\n\t\t<script type=\"text\/javascript\">          \nconst refreshButton = document.querySelector('.showing_applied_filters');\n\nconst refreshPage = () => {\n  location.reload();\n}\n\nrefreshButton.addEventListener('click', refreshPage)\n \t \n\t<\/script>\n\t\n\t\t\t<script type=\"text\/javascript\">          \n\t\t\t$(document).ready(function(){\n\t\t\t\t\n\t\t setTimeout(function() {\n\t  $('#search_categories_chosen .chosen-drop ul li').on('click', function(){\n    $('#search_categories_chosen').addClass('activated');\n    $(this).addClass('current');\n});\n\t\t\t \t\t \n    },10);\t\n\t});\t\t \n\t<\/script>\n\n\t\t\t<script type=\"text\/javascript\">          \n\t\t\t$(document).ready(function(){\n\t\t\t\t\n\t\t setTimeout(function() {\n\t\t\t\n\t\t\t $(\"#search_categories_chosen .chosen-drop ul li\").attr('tabindex', 0);\n\n\t\t\t \n    },1000);\t\n\t});\t\t \n\t<\/script>\n\n\t\n\t<div class=\"wpem-main wpem-event-listings-header\">\r\n    <div class=\"wpem-row\">\r\n        <div class=\"wpem-col wpem-col-12 wpem-col-sm-6 wpem-col-md-6 wpem-col-lg-8\">\r\n            <div class=\"wpem-event-listing-header-title\">\r\n                                    <h2 class=\"wpem-heading-text\">Evenemang<\/h2>\r\n                            <\/div>\r\n        <\/div>\r\n        <div class=\"wpem-col wpem-col-12 wpem-col-sm-6 wpem-col-md-6 wpem-col-lg-4\">\r\n            <div class=\"wpem-event-layout-action-wrapper\">\r\n                <div class=\"wpem-event-layout-action\">\r\n                                                                    <div class=\"wpem-event-layout-icon wpem-event-box-layout\" title=\"Events Box View\" id=\"wpem-event-box-layout\"><i class=\"wpem-icon-stop2\"><\/i><\/div>\r\n                        <div class=\"wpem-event-layout-icon wpem-event-list-layout wpem-active-layout\" title=\"Events List View\" id=\"wpem-event-list-layout\"><i class=\"wpem-icon-menu\"><\/i><\/div>\r\n                                                            <\/div>\r\n            <\/div>\r\n        <\/div>\r\n    <\/div>\r\n<\/div>\r\n\r\n<!-- Event listing view -->\r\n<div class=\"event_listings_main\">\r\n    <div id=\"event-listing-view\" class=\"wpem-main wpem-event-listings event_listings wpem-event-listing-list-view\" data-id=\"all\"><div class=\"wpem-event-box-col wpem-col wpem-col-12 wpem-col-md-6 wpem-col-lg-4\">\n    <!----- wpem-col-lg-4 value can be change by admin settings ------->\n    <div class=\"wpem-event-layout-wrapper\">\n        <div class=\"event_listing event-type-diskussioner-och-intervjuer post-6901 type-event_listing status-publish hentry event_listing_type-keskustelut-ja-haastattelut\">\n            <a href=\"https:\/\/kirjallisuuskalenteri.fi\/sv\/event\/aapo-kukko-punainen-beethoven-sarjakuvasinfonia-dmitri-sostakovitsin-elamasta\/\" class=\"wpem-event-action-url event-style-color keskustelut-ja-haastattelut\">\n                <div class=\"wpem-event-banner\">\n                    <div class=\"wpem-event-banner-img\" style=\"background-image: url(https:\/\/kirjallisuuskalenteri.fi\/wp-content\/uploads\/event-manager-uploads\/event_banner\/2026\/04\/FB-3_Tyovaenkirjston-ystava.jpg)\">\n                        <!-- Hide in list View \/\/ Show in Box View -->\n                                                <div class=\"wpem-event-date\">\n                            <div class=\"wpem-event-date-type\">\n                                                                    <div class=\"wpem-from-date\">\n                                        <div class=\"wpem-date\">28<\/div>\n                                        <div class=\"wpem-month\">apr<\/div>\n                                    <\/div>\n                                                            <\/div>\n                        <\/div>\n                        <!-- Hide in list View \/\/ Show in Box View -->\n                    <\/div>\n                <\/div>\n\n                <div class=\"wpem-event-infomation\">\n                    <div class=\"wpem-event-date\">\n                        <div class=\"wpem-event-date-type\">\n                                                            <div class=\"wpem-from-date\">\n                                    <div class=\"wpem-date\">28<\/div>\n                                    <div class=\"wpem-month\">apr<\/div>\n                                <\/div>\n                                                            <div class=\"wpem-to-date\">\n                                    <div class=\"wpem-date-separator\">-<\/div>\n                                    <div class=\"wpem-date\">28<\/div>\n                                    <div class=\"wpem-month\">apr<\/div>\n                                <\/div>\n                                                    <\/div>\n                    <\/div>\n\n                    <div class=\"wpem-event-details\">\n                                                <div class=\"wpem-event-title\">\n                            <h3 class=\"wpem-heading-text\">Aapo Kukko: Punainen Beethoven &#8211; Sarjakuvasinfonia Dmitri \u0160ostakovit\u0161in el\u00e4m\u00e4st\u00e4<\/h3>\n                        <\/div>\n\n                        <div class=\"wpem-event-date-time\">\n                            <span class=\"wpem-event-date-time-text\">\n                                28.04.2026                                 kl. 18:00 - 28.04.2026 kl. 19:30                            <\/span>\n                        <\/div>\n                        <div class=\"wpem-event-location\">\n                            <span class=\"wpem-event-location-text\">\n                                Ty\u00f6v\u00e4enliikkeen kirjasto, S\u00f6rn\u00e4isten rantatie 25, Helsinki                            <\/span>\n                        <\/div>\n                                                    <div class=\"wpem-event-type\"><a href=\"https:\/\/kirjallisuuskalenteri.fi\/sv\/event_listing_type\/keskustelut-ja-haastattelut\/\"><span class=\"wpem-event-type-text event-type keskustelut-ja-haastattelut \">Diskussioner och intervjuer<\/span><\/a><\/div>\n                        \n                        <!-- Show in list View \/\/ Hide in Box View -->\n                                                <!-- Show in list View \/\/ Hide in Box View -->\n                                            <\/div>\n                <\/div>\n            <\/a>\n        <\/div>\n    <\/div>\n<\/div><div class=\"wpem-event-box-col wpem-col wpem-col-12 wpem-col-md-6 wpem-col-lg-4\">\n    <!----- wpem-col-lg-4 value can be change by admin settings ------->\n    <div class=\"wpem-event-layout-wrapper\">\n        <div class=\"event_listing event-type-kvallsklubbar event-type-diskussioner-och-intervjuer post-6871 type-event_listing status-publish hentry event_listing_type-iltaklubit event_listing_type-keskustelut-ja-haastattelut\">\n            <a href=\"https:\/\/kirjallisuuskalenteri.fi\/sv\/event\/iltasatuklubi\/\" class=\"wpem-event-action-url event-style-color iltaklubit\">\n                <div class=\"wpem-event-banner\">\n                    <div class=\"wpem-event-banner-img\" style=\"background-image: url(https:\/\/kirjallisuuskalenteri.fi\/wp-content\/uploads\/event-manager-uploads\/event_banner\/2026\/04\/20260126_WSOY_Johanna_Venho-katalogi-rajatumpi.jpg)\">\n                        <!-- Hide in list View \/\/ Show in Box View -->\n                                                <div class=\"wpem-event-date\">\n                            <div class=\"wpem-event-date-type\">\n                                                                    <div class=\"wpem-from-date\">\n                                        <div class=\"wpem-date\">02<\/div>\n                                        <div class=\"wpem-month\">maj<\/div>\n                                    <\/div>\n                                                            <\/div>\n                        <\/div>\n                        <!-- Hide in list View \/\/ Show in Box View -->\n                    <\/div>\n                <\/div>\n\n                <div class=\"wpem-event-infomation\">\n                    <div class=\"wpem-event-date\">\n                        <div class=\"wpem-event-date-type\">\n                                                            <div class=\"wpem-from-date\">\n                                    <div class=\"wpem-date\">02<\/div>\n                                    <div class=\"wpem-month\">maj<\/div>\n                                <\/div>\n                                                            <div class=\"wpem-to-date\">\n                                    <div class=\"wpem-date-separator\">-<\/div>\n                                    <div class=\"wpem-date\">02<\/div>\n                                    <div class=\"wpem-month\">maj<\/div>\n                                <\/div>\n                                                    <\/div>\n                    <\/div>\n\n                    <div class=\"wpem-event-details\">\n                                                <div class=\"wpem-event-title\">\n                            <h3 class=\"wpem-heading-text\">Iltasatuklubi<\/h3>\n                        <\/div>\n\n                        <div class=\"wpem-event-date-time\">\n                            <span class=\"wpem-event-date-time-text\">\n                                02.05.2026                                 kl. 20:00 - 02.05.2026 kl. 21:30                            <\/span>\n                        <\/div>\n                        <div class=\"wpem-event-location\">\n                            <span class=\"wpem-event-location-text\">\n                                Parviaisentie 5, S\u00e4yn\u00e4tsalo                            <\/span>\n                        <\/div>\n                                                    <div class=\"wpem-event-type\"><a href=\"https:\/\/kirjallisuuskalenteri.fi\/sv\/event_listing_type\/iltaklubit\/\"><span class=\"wpem-event-type-text event-type iltaklubit \">Kv\u00e4llsklubbar<\/span><\/a><a href=\"https:\/\/kirjallisuuskalenteri.fi\/sv\/event_listing_type\/keskustelut-ja-haastattelut\/\"><span class=\"wpem-event-type-text event-type keskustelut-ja-haastattelut \">Diskussioner och intervjuer<\/span><\/a><\/div>\n                        \n                        <!-- Show in list View \/\/ Hide in Box View -->\n                                                <!-- Show in list View \/\/ Hide in Box View -->\n                                            <\/div>\n                <\/div>\n            <\/a>\n        <\/div>\n    <\/div>\n<\/div><div class=\"wpem-event-box-col wpem-col wpem-col-12 wpem-col-md-6 wpem-col-lg-4\">\n    <!----- wpem-col-lg-4 value can be change by admin settings ------->\n    <div class=\"wpem-event-layout-wrapper\">\n        <div class=\"event_listing event-type-forsaljningsevenemang post-6766 type-event_listing status-publish hentry event_listing_type-myyntitapahtumat\">\n            <a href=\"https:\/\/kirjallisuuskalenteri.fi\/sv\/event\/tuulenkylan-kevainen-taidebasaari\/\" class=\"wpem-event-action-url event-style-color myyntitapahtumat\">\n                <div class=\"wpem-event-banner\">\n                    <div class=\"wpem-event-banner-img\" style=\"background-image: url(https:\/\/kirjallisuuskalenteri.fi\/wp-content\/uploads\/event-manager-uploads\/event_banner\/2026\/04\/Kuva-1.jpg)\">\n                        <!-- Hide in list View \/\/ Show in Box View -->\n                                                <div class=\"wpem-event-date\">\n                            <div class=\"wpem-event-date-type\">\n                                                                    <div class=\"wpem-from-date\">\n                                        <div class=\"wpem-date\">03<\/div>\n                                        <div class=\"wpem-month\">maj<\/div>\n                                    <\/div>\n                                                            <\/div>\n                        <\/div>\n                        <!-- Hide in list View \/\/ Show in Box View -->\n                    <\/div>\n                <\/div>\n\n                <div class=\"wpem-event-infomation\">\n                    <div class=\"wpem-event-date\">\n                        <div class=\"wpem-event-date-type\">\n                                                            <div class=\"wpem-from-date\">\n                                    <div class=\"wpem-date\">03<\/div>\n                                    <div class=\"wpem-month\">maj<\/div>\n                                <\/div>\n                                                            <div class=\"wpem-to-date\">\n                                    <div class=\"wpem-date-separator\">-<\/div>\n                                    <div class=\"wpem-date\">03<\/div>\n                                    <div class=\"wpem-month\">maj<\/div>\n                                <\/div>\n                                                    <\/div>\n                    <\/div>\n\n                    <div class=\"wpem-event-details\">\n                                                <div class=\"wpem-event-title\">\n                            <h3 class=\"wpem-heading-text\">Tuulenkyl\u00e4n kev\u00e4inen taidebasaari<\/h3>\n                        <\/div>\n\n                        <div class=\"wpem-event-date-time\">\n                            <span class=\"wpem-event-date-time-text\">\n                                03.05.2026                                 kl. 11:00 - 03.05.2026 kl. 16:00                            <\/span>\n                        <\/div>\n                        <div class=\"wpem-event-location\">\n                            <span class=\"wpem-event-location-text\">\n                                Muurarintie 2, Jyv\u00e4skyl\u00e4                            <\/span>\n                        <\/div>\n                                                    <div class=\"wpem-event-type\"><a href=\"https:\/\/kirjallisuuskalenteri.fi\/sv\/event_listing_type\/myyntitapahtumat\/\"><span class=\"wpem-event-type-text event-type myyntitapahtumat \">F\u00f6rs\u00e4ljningsevenemang<\/span><\/a><\/div>\n                        \n                        <!-- Show in list View \/\/ Hide in Box View -->\n                                                <!-- Show in list View \/\/ Hide in Box View -->\n                                            <\/div>\n                <\/div>\n            <\/a>\n        <\/div>\n    <\/div>\n<\/div><div class=\"wpem-event-box-col wpem-col wpem-col-12 wpem-col-md-6 wpem-col-lg-4\">\n    <!----- wpem-col-lg-4 value can be change by admin settings ------->\n    <div class=\"wpem-event-layout-wrapper\">\n        <div class=\"event_listing event-type-pa-engelska event-type-diskussioner-och-intervjuer post-6662 type-event_listing status-publish hentry event_listing_type-englanniksi event_listing_type-keskustelut-ja-haastattelut\">\n            <a href=\"https:\/\/kirjallisuuskalenteri.fi\/sv\/event\/akateemisen-kohtaamispaikalla-yrsa-sigurdardottir\/\" class=\"wpem-event-action-url event-style-color englanniksi\">\n                <div class=\"wpem-event-banner\">\n                    <div class=\"wpem-event-banner-img\" style=\"background-image: url(https:\/\/kirjallisuuskalenteri.fi\/wp-content\/uploads\/event-manager-uploads\/event_banner\/2026\/03\/0605_KP_AKA.jpg)\">\n                        <!-- Hide in list View \/\/ Show in Box View -->\n                                                <div class=\"wpem-event-date\">\n                            <div class=\"wpem-event-date-type\">\n                                                                    <div class=\"wpem-from-date\">\n                                        <div class=\"wpem-date\">04<\/div>\n                                        <div class=\"wpem-month\">maj<\/div>\n                                    <\/div>\n                                                            <\/div>\n                        <\/div>\n                        <!-- Hide in list View \/\/ Show in Box View -->\n                    <\/div>\n                <\/div>\n\n                <div class=\"wpem-event-infomation\">\n                    <div class=\"wpem-event-date\">\n                        <div class=\"wpem-event-date-type\">\n                                                            <div class=\"wpem-from-date\">\n                                    <div class=\"wpem-date\">04<\/div>\n                                    <div class=\"wpem-month\">maj<\/div>\n                                <\/div>\n                                                            <div class=\"wpem-to-date\">\n                                    <div class=\"wpem-date-separator\">-<\/div>\n                                    <div class=\"wpem-date\">04<\/div>\n                                    <div class=\"wpem-month\">maj<\/div>\n                                <\/div>\n                                                    <\/div>\n                    <\/div>\n\n                    <div class=\"wpem-event-details\">\n                                                <div class=\"wpem-event-title\">\n                            <h3 class=\"wpem-heading-text\">Akateemisen Kohtaamispaikalla Yrsa Sigur\u00f0ard\u00f3ttir<\/h3>\n                        <\/div>\n\n                        <div class=\"wpem-event-date-time\">\n                            <span class=\"wpem-event-date-time-text\">\n                                04.05.2026                                 kl. 18:00 - 04.05.2026 kl. 18:30                            <\/span>\n                        <\/div>\n                        <div class=\"wpem-event-location\">\n                            <span class=\"wpem-event-location-text\">\n                                Akateeminen Kirjakauppa, Pohjoisesplanadi, Helsinki                            <\/span>\n                        <\/div>\n                                                    <div class=\"wpem-event-type\"><a href=\"https:\/\/kirjallisuuskalenteri.fi\/sv\/event_listing_type\/englanniksi\/\"><span class=\"wpem-event-type-text event-type englanniksi \">P\u00e5 engelska<\/span><\/a><a href=\"https:\/\/kirjallisuuskalenteri.fi\/sv\/event_listing_type\/keskustelut-ja-haastattelut\/\"><span class=\"wpem-event-type-text event-type keskustelut-ja-haastattelut \">Diskussioner och intervjuer<\/span><\/a><\/div>\n                        \n                        <!-- Show in list View \/\/ Hide in Box View -->\n                                                <!-- Show in list View \/\/ Hide in Box View -->\n                                            <\/div>\n                <\/div>\n            <\/a>\n        <\/div>\n    <\/div>\n<\/div><div class=\"wpem-event-box-col wpem-col wpem-col-12 wpem-col-md-6 wpem-col-lg-4\">\n    <!----- wpem-col-lg-4 value can be change by admin settings ------->\n    <div class=\"wpem-event-layout-wrapper\">\n        <div class=\"event_listing event-type-diskussioner-och-intervjuer event-type-pa-svenska post-6529 type-event_listing status-publish hentry event_listing_type-keskustelut-ja-haastattelut event_listing_type-ruotsiksi\">\n            <a href=\"https:\/\/kirjallisuuskalenteri.fi\/sv\/event\/pa-traffpunkten-johannes-ekholm-och-michel-ekman\/\" class=\"wpem-event-action-url event-style-color keskustelut-ja-haastattelut\">\n                <div class=\"wpem-event-banner\">\n                    <div class=\"wpem-event-banner-img\" style=\"background-image: url(https:\/\/kirjallisuuskalenteri.fi\/wp-content\/uploads\/event-manager-uploads\/event_banner\/2026\/04\/0505_KP_AKA.jpg)\">\n                        <!-- Hide in list View \/\/ Show in Box View -->\n                                                <div class=\"wpem-event-date\">\n                            <div class=\"wpem-event-date-type\">\n                                                                    <div class=\"wpem-from-date\">\n                                        <div class=\"wpem-date\">05<\/div>\n                                        <div class=\"wpem-month\">maj<\/div>\n                                    <\/div>\n                                                            <\/div>\n                        <\/div>\n                        <!-- Hide in list View \/\/ Show in Box View -->\n                    <\/div>\n                <\/div>\n\n                <div class=\"wpem-event-infomation\">\n                    <div class=\"wpem-event-date\">\n                        <div class=\"wpem-event-date-type\">\n                                                            <div class=\"wpem-from-date\">\n                                    <div class=\"wpem-date\">05<\/div>\n                                    <div class=\"wpem-month\">maj<\/div>\n                                <\/div>\n                                                            <div class=\"wpem-to-date\">\n                                    <div class=\"wpem-date-separator\">-<\/div>\n                                    <div class=\"wpem-date\">05<\/div>\n                                    <div class=\"wpem-month\">maj<\/div>\n                                <\/div>\n                                                    <\/div>\n                    <\/div>\n\n                    <div class=\"wpem-event-details\">\n                                                <div class=\"wpem-event-title\">\n                            <h3 class=\"wpem-heading-text\">P\u00e5 Tr\u00e4ffpunkten Johannes Ekholm och Michel Ekman<\/h3>\n                        <\/div>\n\n                        <div class=\"wpem-event-date-time\">\n                            <span class=\"wpem-event-date-time-text\">\n                                05.05.2026                                 kl. 17:00 - 05.05.2026 kl. 17:30                            <\/span>\n                        <\/div>\n                        <div class=\"wpem-event-location\">\n                            <span class=\"wpem-event-location-text\">\n                                Akateeminen Kirjakauppa, Pohjoisesplanadi, Helsinki                            <\/span>\n                        <\/div>\n                                                    <div class=\"wpem-event-type\"><a href=\"https:\/\/kirjallisuuskalenteri.fi\/sv\/event_listing_type\/keskustelut-ja-haastattelut\/\"><span class=\"wpem-event-type-text event-type keskustelut-ja-haastattelut \">Diskussioner och intervjuer<\/span><\/a><a href=\"https:\/\/kirjallisuuskalenteri.fi\/sv\/event_listing_type\/ruotsiksi\/\"><span class=\"wpem-event-type-text event-type ruotsiksi \">P\u00e5 svenska<\/span><\/a><\/div>\n                        \n                        <!-- Show in list View \/\/ Hide in Box View -->\n                                                <!-- Show in list View \/\/ Hide in Box View -->\n                                            <\/div>\n                <\/div>\n            <\/a>\n        <\/div>\n    <\/div>\n<\/div><div class=\"wpem-event-box-col wpem-col wpem-col-12 wpem-col-md-6 wpem-col-lg-4\">\n    <!----- wpem-col-lg-4 value can be change by admin settings ------->\n    <div class=\"wpem-event-layout-wrapper\">\n        <div class=\"event_listing event-type-diskussioner-och-intervjuer event-type-pa-svenska post-6731 type-event_listing status-publish hentry event_listing_type-keskustelut-ja-haastattelut event_listing_type-ruotsiksi\">\n            <a href=\"https:\/\/kirjallisuuskalenteri.fi\/sv\/event\/konst-demokrati-och-hopp\/\" class=\"wpem-event-action-url event-style-color keskustelut-ja-haastattelut\">\n                <div class=\"wpem-event-banner\">\n                    <div class=\"wpem-event-banner-img\" style=\"background-image: url(https:\/\/kirjallisuuskalenteri.fi\/wp-content\/uploads\/event-manager-uploads\/event_banner\/2026\/04\/Lena-o-Tatjana.jpg)\">\n                        <!-- Hide in list View \/\/ Show in Box View -->\n                                                <div class=\"wpem-event-date\">\n                            <div class=\"wpem-event-date-type\">\n                                                                    <div class=\"wpem-from-date\">\n                                        <div class=\"wpem-date\">05<\/div>\n                                        <div class=\"wpem-month\">maj<\/div>\n                                    <\/div>\n                                                            <\/div>\n                        <\/div>\n                        <!-- Hide in list View \/\/ Show in Box View -->\n                    <\/div>\n                <\/div>\n\n                <div class=\"wpem-event-infomation\">\n                    <div class=\"wpem-event-date\">\n                        <div class=\"wpem-event-date-type\">\n                                                            <div class=\"wpem-from-date\">\n                                    <div class=\"wpem-date\">05<\/div>\n                                    <div class=\"wpem-month\">maj<\/div>\n                                <\/div>\n                                                            <div class=\"wpem-to-date\">\n                                    <div class=\"wpem-date-separator\">-<\/div>\n                                    <div class=\"wpem-date\">05<\/div>\n                                    <div class=\"wpem-month\">maj<\/div>\n                                <\/div>\n                                                    <\/div>\n                    <\/div>\n\n                    <div class=\"wpem-event-details\">\n                                                <div class=\"wpem-event-title\">\n                            <h3 class=\"wpem-heading-text\">Konst, demokrati och hopp<\/h3>\n                        <\/div>\n\n                        <div class=\"wpem-event-date-time\">\n                            <span class=\"wpem-event-date-time-text\">\n                                05.05.2026                                 kl. 18:00 - 05.05.2026 kl. 19:00                            <\/span>\n                        <\/div>\n                        <div class=\"wpem-event-location\">\n                            <span class=\"wpem-event-location-text\">\n                                T\u00f6\u00f6l\u00f6n kirjasto, Topeliuksenkatu, Helsinki                            <\/span>\n                        <\/div>\n                                                    <div class=\"wpem-event-type\"><a href=\"https:\/\/kirjallisuuskalenteri.fi\/sv\/event_listing_type\/keskustelut-ja-haastattelut\/\"><span class=\"wpem-event-type-text event-type keskustelut-ja-haastattelut \">Diskussioner och intervjuer<\/span><\/a><a href=\"https:\/\/kirjallisuuskalenteri.fi\/sv\/event_listing_type\/ruotsiksi\/\"><span class=\"wpem-event-type-text event-type ruotsiksi \">P\u00e5 svenska<\/span><\/a><\/div>\n                        \n                        <!-- Show in list View \/\/ Hide in Box View -->\n                                                <!-- Show in list View \/\/ Hide in Box View -->\n                                            <\/div>\n                <\/div>\n            <\/a>\n        <\/div>\n    <\/div>\n<\/div><div class=\"wpem-event-box-col wpem-col wpem-col-12 wpem-col-md-6 wpem-col-lg-4\">\n    <!----- wpem-col-lg-4 value can be change by admin settings ------->\n    <div class=\"wpem-event-layout-wrapper\">\n        <div class=\"event_listing event-type-pa-svenska post-6157 type-event_listing status-publish hentry event_listing_type-ruotsiksi\">\n            <a href=\"https:\/\/kirjallisuuskalenteri.fi\/sv\/event\/runokahvit-ruotsiksi-oodissa-2\/\" class=\"wpem-event-action-url event-style-color ruotsiksi\">\n                <div class=\"wpem-event-banner\">\n                    <div class=\"wpem-event-banner-img\" style=\"background-image: url(https:\/\/kirjallisuuskalenteri.fi\/wp-content\/uploads\/event-manager-uploads\/event_banner\/2026\/02\/Kaffe-med-poesi-pa-Ode-1.png)\">\n                        <!-- Hide in list View \/\/ Show in Box View -->\n                                                <div class=\"wpem-event-date\">\n                            <div class=\"wpem-event-date-type\">\n                                                                    <div class=\"wpem-from-date\">\n                                        <div class=\"wpem-date\">06<\/div>\n                                        <div class=\"wpem-month\">maj<\/div>\n                                    <\/div>\n                                                            <\/div>\n                        <\/div>\n                        <!-- Hide in list View \/\/ Show in Box View -->\n                    <\/div>\n                <\/div>\n\n                <div class=\"wpem-event-infomation\">\n                    <div class=\"wpem-event-date\">\n                        <div class=\"wpem-event-date-type\">\n                                                            <div class=\"wpem-from-date\">\n                                    <div class=\"wpem-date\">06<\/div>\n                                    <div class=\"wpem-month\">maj<\/div>\n                                <\/div>\n                                                            <div class=\"wpem-to-date\">\n                                    <div class=\"wpem-date-separator\">-<\/div>\n                                    <div class=\"wpem-date\">06<\/div>\n                                    <div class=\"wpem-month\">maj<\/div>\n                                <\/div>\n                                                    <\/div>\n                    <\/div>\n\n                    <div class=\"wpem-event-details\">\n                                                <div class=\"wpem-event-title\">\n                            <h3 class=\"wpem-heading-text\">Runokahvit ruotsiksi Oodissa<\/h3>\n                        <\/div>\n\n                        <div class=\"wpem-event-date-time\">\n                            <span class=\"wpem-event-date-time-text\">\n                                06.05.2026                                 kl. 14:00 - 06.05.2026 kl. 14:30                            <\/span>\n                        <\/div>\n                        <div class=\"wpem-event-location\">\n                            <span class=\"wpem-event-location-text\">\n                                Helsingin keskustakirjasto Oodi, T\u00f6\u00f6l\u00f6nlahdenkatu, Helsinki                            <\/span>\n                        <\/div>\n                                                    <div class=\"wpem-event-type\"><a href=\"https:\/\/kirjallisuuskalenteri.fi\/sv\/event_listing_type\/ruotsiksi\/\"><span class=\"wpem-event-type-text event-type ruotsiksi \">P\u00e5 svenska<\/span><\/a><\/div>\n                        \n                        <!-- Show in list View \/\/ Hide in Box View -->\n                                                <!-- Show in list View \/\/ Hide in Box View -->\n                                            <\/div>\n                <\/div>\n            <\/a>\n        <\/div>\n    <\/div>\n<\/div><div class=\"wpem-event-box-col wpem-col wpem-col-12 wpem-col-md-6 wpem-col-lg-4\">\n    <!----- wpem-col-lg-4 value can be change by admin settings ------->\n    <div class=\"wpem-event-layout-wrapper\">\n        <div class=\"event_listing event-type-kurser-och-utbildningar post-5719 type-event_listing status-publish hentry event_listing_type-kurssit-ja-koulutukset\">\n            <a href=\"https:\/\/kirjallisuuskalenteri.fi\/sv\/event\/tyylikeinojen-kokeilua\/\" class=\"wpem-event-action-url event-style-color kurssit-ja-koulutukset\">\n                <div class=\"wpem-event-banner\">\n                    <div class=\"wpem-event-banner-img\" style=\"background-image: url(https:\/\/kirjallisuuskalenteri.fi\/wp-content\/uploads\/event-manager-uploads\/event_banner\/2025\/12\/DSC_8359-2.jpg)\">\n                        <!-- Hide in list View \/\/ Show in Box View -->\n                                                <div class=\"wpem-event-date\">\n                            <div class=\"wpem-event-date-type\">\n                                                                    <div class=\"wpem-from-date\">\n                                        <div class=\"wpem-date\">06<\/div>\n                                        <div class=\"wpem-month\">maj<\/div>\n                                    <\/div>\n                                                            <\/div>\n                        <\/div>\n                        <!-- Hide in list View \/\/ Show in Box View -->\n                    <\/div>\n                <\/div>\n\n                <div class=\"wpem-event-infomation\">\n                    <div class=\"wpem-event-date\">\n                        <div class=\"wpem-event-date-type\">\n                                                            <div class=\"wpem-from-date\">\n                                    <div class=\"wpem-date\">06<\/div>\n                                    <div class=\"wpem-month\">maj<\/div>\n                                <\/div>\n                                                            <div class=\"wpem-to-date\">\n                                    <div class=\"wpem-date-separator\">-<\/div>\n                                    <div class=\"wpem-date\">20<\/div>\n                                    <div class=\"wpem-month\">maj<\/div>\n                                <\/div>\n                                                    <\/div>\n                    <\/div>\n\n                    <div class=\"wpem-event-details\">\n                                                <div class=\"wpem-event-title\">\n                            <h3 class=\"wpem-heading-text\">Tyylikeinojen kokeilua<\/h3>\n                        <\/div>\n\n                        <div class=\"wpem-event-date-time\">\n                            <span class=\"wpem-event-date-time-text\">\n                                06.05.2026                                 kl. 17:00 - 20.05.2026 kl. 19:30                            <\/span>\n                        <\/div>\n                        <div class=\"wpem-event-location\">\n                            <span class=\"wpem-event-location-text\">\n                                Online Event                            <\/span>\n                        <\/div>\n                                                    <div class=\"wpem-event-type\"><a href=\"https:\/\/kirjallisuuskalenteri.fi\/sv\/event_listing_type\/kurssit-ja-koulutukset\/\"><span class=\"wpem-event-type-text event-type kurssit-ja-koulutukset \">Kurser och utbildningar<\/span><\/a><\/div>\n                        \n                        <!-- Show in list View \/\/ Hide in Box View -->\n                                                <!-- Show in list View \/\/ Hide in Box View -->\n                                            <\/div>\n                <\/div>\n            <\/a>\n        <\/div>\n    <\/div>\n<\/div><div class=\"wpem-event-box-col wpem-col wpem-col-12 wpem-col-md-6 wpem-col-lg-4\">\n    <!----- wpem-col-lg-4 value can be change by admin settings ------->\n    <div class=\"wpem-event-layout-wrapper\">\n        <div class=\"event_listing event-type-tillganglig event-type-workshoppar post-6545 type-event_listing status-publish hentry event_listing_type-esteeton event_listing_type-tyopajat\">\n            <a href=\"https:\/\/kirjallisuuskalenteri.fi\/sv\/event\/yhteisollinen-kirjoitushetki-communal-writing-session-26\/\" class=\"wpem-event-action-url event-style-color esteeton\">\n                <div class=\"wpem-event-banner\">\n                    <div class=\"wpem-event-banner-img\" style=\"background-image: url(https:\/\/kirjallisuuskalenteri.fi\/wp-content\/uploads\/event-manager-uploads\/event_banner\/2025\/09\/kirjoitushetket-1800x.png)\">\n                        <!-- Hide in list View \/\/ Show in Box View -->\n                                                <div class=\"wpem-event-date\">\n                            <div class=\"wpem-event-date-type\">\n                                                                    <div class=\"wpem-from-date\">\n                                        <div class=\"wpem-date\">07<\/div>\n                                        <div class=\"wpem-month\">maj<\/div>\n                                    <\/div>\n                                                            <\/div>\n                        <\/div>\n                        <!-- Hide in list View \/\/ Show in Box View -->\n                    <\/div>\n                <\/div>\n\n                <div class=\"wpem-event-infomation\">\n                    <div class=\"wpem-event-date\">\n                        <div class=\"wpem-event-date-type\">\n                                                            <div class=\"wpem-from-date\">\n                                    <div class=\"wpem-date\">07<\/div>\n                                    <div class=\"wpem-month\">maj<\/div>\n                                <\/div>\n                                                            <div class=\"wpem-to-date\">\n                                    <div class=\"wpem-date-separator\">-<\/div>\n                                    <div class=\"wpem-date\">07<\/div>\n                                    <div class=\"wpem-month\">maj<\/div>\n                                <\/div>\n                                                    <\/div>\n                    <\/div>\n\n                    <div class=\"wpem-event-details\">\n                                                <div class=\"wpem-event-title\">\n                            <h3 class=\"wpem-heading-text\">Yhteis\u00f6llinen kirjoitushetki \/ Communal writing session<\/h3>\n                        <\/div>\n\n                        <div class=\"wpem-event-date-time\">\n                            <span class=\"wpem-event-date-time-text\">\n                                07.05.2026                                 kl. 14:00 - 07.05.2026 kl. 16:00                            <\/span>\n                        <\/div>\n                        <div class=\"wpem-event-location\">\n                            <span class=\"wpem-event-location-text\">\n                                Tekstin talo, Lintulahdenkatu, Helsinki                            <\/span>\n                        <\/div>\n                                                    <div class=\"wpem-event-type\"><a href=\"https:\/\/kirjallisuuskalenteri.fi\/sv\/event_listing_type\/esteeton\/\"><span class=\"wpem-event-type-text event-type esteeton \">Tillg\u00e4nglig<\/span><\/a><a href=\"https:\/\/kirjallisuuskalenteri.fi\/sv\/event_listing_type\/tyopajat\/\"><span class=\"wpem-event-type-text event-type tyopajat \">Workshoppar<\/span><\/a><\/div>\n                        \n                        <!-- Show in list View \/\/ Hide in Box View -->\n                                                <!-- Show in list View \/\/ Hide in Box View -->\n                                            <\/div>\n                <\/div>\n            <\/a>\n        <\/div>\n    <\/div>\n<\/div><div class=\"wpem-event-box-col wpem-col wpem-col-12 wpem-col-md-6 wpem-col-lg-4\">\n    <!----- wpem-col-lg-4 value can be change by admin settings ------->\n    <div class=\"wpem-event-layout-wrapper\">\n        <div class=\"event_listing event-type-diskussioner-och-intervjuer post-6682 type-event_listing status-publish hentry event_listing_type-keskustelut-ja-haastattelut\">\n            <a href=\"https:\/\/kirjallisuuskalenteri.fi\/sv\/event\/akateeminen-kohtaamispaikalla-markku-henriksson\/\" class=\"wpem-event-action-url event-style-color keskustelut-ja-haastattelut\">\n                <div class=\"wpem-event-banner\">\n                    <div class=\"wpem-event-banner-img\" style=\"background-image: url(https:\/\/kirjallisuuskalenteri.fi\/wp-content\/uploads\/event-manager-uploads\/event_banner\/2026\/03\/0705_KP_AKA.jpg)\">\n                        <!-- Hide in list View \/\/ Show in Box View -->\n                                                <div class=\"wpem-event-date\">\n                            <div class=\"wpem-event-date-type\">\n                                                                    <div class=\"wpem-from-date\">\n                                        <div class=\"wpem-date\">07<\/div>\n                                        <div class=\"wpem-month\">maj<\/div>\n                                    <\/div>\n                                                            <\/div>\n                        <\/div>\n                        <!-- Hide in list View \/\/ Show in Box View -->\n                    <\/div>\n                <\/div>\n\n                <div class=\"wpem-event-infomation\">\n                    <div class=\"wpem-event-date\">\n                        <div class=\"wpem-event-date-type\">\n                                                            <div class=\"wpem-from-date\">\n                                    <div class=\"wpem-date\">07<\/div>\n                                    <div class=\"wpem-month\">maj<\/div>\n                                <\/div>\n                                                            <div class=\"wpem-to-date\">\n                                    <div class=\"wpem-date-separator\">-<\/div>\n                                    <div class=\"wpem-date\">07<\/div>\n                                    <div class=\"wpem-month\">maj<\/div>\n                                <\/div>\n                                                    <\/div>\n                    <\/div>\n\n                    <div class=\"wpem-event-details\">\n                                                <div class=\"wpem-event-title\">\n                            <h3 class=\"wpem-heading-text\">Akateeminen Kohtaamispaikalla Markku Henriksson<\/h3>\n                        <\/div>\n\n                        <div class=\"wpem-event-date-time\">\n                            <span class=\"wpem-event-date-time-text\">\n                                07.05.2026                                 kl. 17:00 - 07.05.2026 kl. 17:30                            <\/span>\n                        <\/div>\n                        <div class=\"wpem-event-location\">\n                            <span class=\"wpem-event-location-text\">\n                                Akateeminen Kirjakauppa, Pohjoisesplanadi, Helsinki                            <\/span>\n                        <\/div>\n                                                    <div class=\"wpem-event-type\"><a href=\"https:\/\/kirjallisuuskalenteri.fi\/sv\/event_listing_type\/keskustelut-ja-haastattelut\/\"><span class=\"wpem-event-type-text event-type keskustelut-ja-haastattelut \">Diskussioner och intervjuer<\/span><\/a><\/div>\n                        \n                        <!-- Show in list View \/\/ Hide in Box View -->\n                                                <!-- Show in list View \/\/ Hide in Box View -->\n                                            <\/div>\n                <\/div>\n            <\/a>\n        <\/div>\n    <\/div>\n<\/div><\/div>\n<div id=\"load_more_events_loader\"><a class=\"load_more_events\" id=\"load_more_events\" href=\"#\"><strong>S\u00f6k fler evenemang<\/strong><\/a><\/div><\/div>\n<\/div>[\/vc_column_text][\/vc_column][\/vc_row]<\/p>\n<\/div>","protected":false},"excerpt":{"rendered":"<p>[vc_row][vc_column][vc_column_text css=&#8221;&#8221;][\/vc_column_text][vc_empty_space][\/vc_column][\/vc_row][vc_row][vc_column el_class=&#8221;postgrid&#8221;][vc_wp_posts title=&#8221;De senaste artiklarna&#8221; number=&#8221;4&#8243; el_class=&#8221;artikkelitwrapper&#8221;][vc_btn title=&#8221;Fler artiklar&#8221; style=&#8221;flat&#8221; css=&#8221;&#8221; link=&#8221;url:%2Fsv%2Fartiklar%2F|title:Blogg&#8221; el_class=&#8221;artikkelitbutton&#8221;][\/vc_column][\/vc_row][vc_row][vc_column][vc_column_text css=&#8221;&#8221;] Bl\u00e4ddra bland evenemang [\/vc_column_text][\/vc_column][\/vc_row]<\/p>\n","protected":false},"author":1,"featured_media":0,"parent":0,"menu_order":0,"comment_status":"closed","ping_status":"closed","template":"","meta":{"footnotes":""},"class_list":["post-273","page","type-page","status-publish","hentry"],"_links":{"self":[{"href":"https:\/\/kirjallisuuskalenteri.fi\/sv\/wp-json\/wp\/v2\/pages\/273","targetHints":{"allow":["GET"]}}],"collection":[{"href":"https:\/\/kirjallisuuskalenteri.fi\/sv\/wp-json\/wp\/v2\/pages"}],"about":[{"href":"https:\/\/kirjallisuuskalenteri.fi\/sv\/wp-json\/wp\/v2\/types\/page"}],"author":[{"embeddable":true,"href":"https:\/\/kirjallisuuskalenteri.fi\/sv\/wp-json\/wp\/v2\/users\/1"}],"replies":[{"embeddable":true,"href":"https:\/\/kirjallisuuskalenteri.fi\/sv\/wp-json\/wp\/v2\/comments?post=273"}],"version-history":[{"count":12,"href":"https:\/\/kirjallisuuskalenteri.fi\/sv\/wp-json\/wp\/v2\/pages\/273\/revisions"}],"predecessor-version":[{"id":1720,"href":"https:\/\/kirjallisuuskalenteri.fi\/sv\/wp-json\/wp\/v2\/pages\/273\/revisions\/1720"}],"wp:attachment":[{"href":"https:\/\/kirjallisuuskalenteri.fi\/sv\/wp-json\/wp\/v2\/media?parent=273"}],"curies":[{"name":"wp","href":"https:\/\/api.w.org\/{rel}","templated":true}]}}